{"id":1102,"date":"2021-07-07T14:54:41","date_gmt":"2021-07-07T17:54:41","guid":{"rendered":"https:\/\/www.asalfa.org.ar\/web\/?page_id=1102"},"modified":"2021-07-22T20:09:02","modified_gmt":"2021-07-22T23:09:02","slug":"otras-actividades","status":"publish","type":"page","link":"http:\/\/www.asalfa.org.ar\/web\/otras-actividades\/","title":{"rendered":"Otras actividades cient\u00edficas"},"content":{"rendered":"<p>Informaci\u00f3n de Seminarios, Congresos, Webinars, etc. de otras asociaciones cient\u00edficas, de inter\u00e9s para la comunidad fonoaudiol\u00f3gica.<\/p>\n<style>.wp-show-posts-columns#wpsp-1101 {margin-left: -2em; }.wp-show-posts-columns#wpsp-1101 .wp-show-posts-inner {margin: 0 0 2em 2em; }<\/style><section id=\"wpsp-1101\" class=\" wp-show-posts-columns wp-show-posts\" style=\"\"><article class=\" wp-show-posts-single post-2676 post type-post status-publish format-standard has-post-thumbnail hentry category-cursos-certificados category-cursos-e-learning category-cursos-zoom category-otras-actividades wpsp-col-4\" itemtype=\"http:\/\/schema.org\/CreativeWork\" itemscope><div class=\"wp-show-posts-inner\" style=\"\">\t\t\t\t\t\t<header class=\"wp-show-posts-entry-header\">\n\t\t\t\t\t\t\t<h2 class=\"wp-show-posts-entry-title\" itemprop=\"headline\"><a href=\"http:\/\/www.asalfa.org.ar\/web\/2025\/01\/07\/receso-de-verano\/\" rel=\"bookmark\">Receso de verano<\/a><\/h2>\t\t\t\t\t\t<\/header><!-- .entry-header -->\n\t\t\t\t\t\t\t<div class=\"wp-show-posts-image  wpsp-image-center \">\n\t\t\t<a href=\"http:\/\/www.asalfa.org.ar\/web\/2025\/01\/07\/receso-de-verano\/\"  title=\"Receso de verano\"><img width=\"1080\" height=\"1080\" src=\"http:\/\/www.asalfa.org.ar\/web\/wp-content\/uploads\/2025\/01\/Cuota-2024-4.jpg\" class=\"attachment-full size-full wp-post-image\" alt=\"\" loading=\"lazy\" itemprop=\"image\" srcset=\"http:\/\/www.asalfa.org.ar\/web\/wp-content\/uploads\/2025\/01\/Cuota-2024-4.jpg 1080w, http:\/\/www.asalfa.org.ar\/web\/wp-content\/uploads\/2025\/01\/Cuota-2024-4-300x300.jpg 300w, http:\/\/www.asalfa.org.ar\/web\/wp-content\/uploads\/2025\/01\/Cuota-2024-4-1024x1024.jpg 1024w, http:\/\/www.asalfa.org.ar\/web\/wp-content\/uploads\/2025\/01\/Cuota-2024-4-150x150.jpg 150w, http:\/\/www.asalfa.org.ar\/web\/wp-content\/uploads\/2025\/01\/Cuota-2024-4-768x768.jpg 768w, http:\/\/www.asalfa.org.ar\/web\/wp-content\/uploads\/2025\/01\/Cuota-2024-4-700x700.jpg 700w\" sizes=\"(max-width: 1080px) 100vw, 1080px\" \/><\/a>\t\t<\/div>\n\t\t\t\t\t\t\t\t<div class=\"wp-show-posts-entry-summary\" itemprop=\"text\">\n\t\t\t\t\t\t\t<p>La administraci\u00f3n de ASALFA permanece cerrada por receso de verano desde el 18\/12\/24 hasta el 27\/01\/25 inclusive. Si Ud. ha abonado la cuota societaria, recibir\u00e1 un correo de recepci\u00f3n a&#8230;<\/p>\n\t\t\t\t\t\t<\/div><!-- .entry-summary -->\n\t\t\t\t\t<\/div><!-- wp-show-posts-inner --><\/article><article class=\" wp-show-posts-single post-2363 post type-post status-publish format-standard has-post-thumbnail hentry category-otras-actividades wpsp-col-4\" itemtype=\"http:\/\/schema.org\/CreativeWork\" itemscope><div class=\"wp-show-posts-inner\" style=\"\">\t\t\t\t\t\t<header class=\"wp-show-posts-entry-header\">\n\t\t\t\t\t\t\t<h2 class=\"wp-show-posts-entry-title\" itemprop=\"headline\"><a href=\"http:\/\/www.asalfa.org.ar\/web\/2023\/08\/10\/encuentro-interuniversitario-en-fonoaudiologia\/\" rel=\"bookmark\">Encuentro interuniversitario en Fonoaudiolog\u00eda<\/a><\/h2>\t\t\t\t\t\t<\/header><!-- .entry-header -->\n\t\t\t\t\t\t\t<div class=\"wp-show-posts-image  wpsp-image-center \">\n\t\t\t<a href=\"http:\/\/www.asalfa.org.ar\/web\/2023\/08\/10\/encuentro-interuniversitario-en-fonoaudiologia\/\"  title=\"Encuentro interuniversitario en Fonoaudiolog\u00eda\"><img width=\"1131\" height=\"1600\" src=\"http:\/\/www.asalfa.org.ar\/web\/wp-content\/uploads\/2023\/08\/Congreso-noviembre.jpg\" class=\"attachment-full size-full wp-post-image\" alt=\"\" loading=\"lazy\" itemprop=\"image\" srcset=\"http:\/\/www.asalfa.org.ar\/web\/wp-content\/uploads\/2023\/08\/Congreso-noviembre.jpg 1131w, http:\/\/www.asalfa.org.ar\/web\/wp-content\/uploads\/2023\/08\/Congreso-noviembre-212x300.jpg 212w, http:\/\/www.asalfa.org.ar\/web\/wp-content\/uploads\/2023\/08\/Congreso-noviembre-724x1024.jpg 724w, http:\/\/www.asalfa.org.ar\/web\/wp-content\/uploads\/2023\/08\/Congreso-noviembre-768x1086.jpg 768w, http:\/\/www.asalfa.org.ar\/web\/wp-content\/uploads\/2023\/08\/Congreso-noviembre-1086x1536.jpg 1086w\" sizes=\"(max-width: 1131px) 100vw, 1131px\" \/><\/a>\t\t<\/div>\n\t\t\t\t\t\t\t\t<div class=\"wp-show-posts-entry-summary\" itemprop=\"text\">\n\t\t\t\t\t\t\t<p>Destinado a: estudiantes de carreras de Fonoaudiolog\u00eda y graduados\/as de todo el pa\u00eds. Inscripciones: encuentro.interuniversitario@fono.fcm.unc.edu.ar<\/p>\n\t\t\t\t\t\t<\/div><!-- .entry-summary -->\n\t\t\t\t\t<\/div><!-- wp-show-posts-inner --><\/article><article class=\" wp-show-posts-single post-2336 post type-post status-publish format-standard has-post-thumbnail hentry category-otras-actividades tag-disfagia wpsp-col-4\" itemtype=\"http:\/\/schema.org\/CreativeWork\" itemscope><div class=\"wp-show-posts-inner\" style=\"\">\t\t\t\t\t\t<header class=\"wp-show-posts-entry-header\">\n\t\t\t\t\t\t\t<h2 class=\"wp-show-posts-entry-title\" itemprop=\"headline\"><a href=\"http:\/\/www.asalfa.org.ar\/web\/2023\/04\/27\/vii-congreso-argentino-de-disfagia\/\" rel=\"bookmark\">VII Congreso Argentino de Disfagia<\/a><\/h2>\t\t\t\t\t\t<\/header><!-- .entry-header -->\n\t\t\t\t\t\t\t<div class=\"wp-show-posts-image  wpsp-image-center \">\n\t\t\t<a href=\"http:\/\/www.asalfa.org.ar\/web\/2023\/04\/27\/vii-congreso-argentino-de-disfagia\/\"  title=\"VII Congreso Argentino de Disfagia\"><img width=\"1280\" height=\"1280\" src=\"http:\/\/www.asalfa.org.ar\/web\/wp-content\/uploads\/2023\/04\/AAD.jpg\" class=\"attachment-full size-full wp-post-image\" alt=\"\" loading=\"lazy\" itemprop=\"image\" srcset=\"http:\/\/www.asalfa.org.ar\/web\/wp-content\/uploads\/2023\/04\/AAD.jpg 1280w, http:\/\/www.asalfa.org.ar\/web\/wp-content\/uploads\/2023\/04\/AAD-300x300.jpg 300w, http:\/\/www.asalfa.org.ar\/web\/wp-content\/uploads\/2023\/04\/AAD-1024x1024.jpg 1024w, http:\/\/www.asalfa.org.ar\/web\/wp-content\/uploads\/2023\/04\/AAD-150x150.jpg 150w, http:\/\/www.asalfa.org.ar\/web\/wp-content\/uploads\/2023\/04\/AAD-768x768.jpg 768w, http:\/\/www.asalfa.org.ar\/web\/wp-content\/uploads\/2023\/04\/AAD-700x700.jpg 700w\" sizes=\"(max-width: 1280px) 100vw, 1280px\" \/><\/a>\t\t<\/div>\n\t\t\t\t\t\t\t\t<div class=\"wp-show-posts-entry-summary\" itemprop=\"text\">\n\t\t\t\t\t\t\t<p>Organiza Asociaci\u00f3n Argentina de Disfagia (AAD) Mas informaci\u00f3n en: https:\/\/aadisfagia.com\/congresos\/informacion-general\/ &nbsp;<\/p>\n\t\t\t\t\t\t<\/div><!-- .entry-summary -->\n\t\t\t\t\t<\/div><!-- wp-show-posts-inner --><\/article><article class=\" wp-show-posts-single post-2267 post type-post status-publish format-standard has-post-thumbnail hentry category-otras-actividades wpsp-col-4\" itemtype=\"http:\/\/schema.org\/CreativeWork\" itemscope><div class=\"wp-show-posts-inner\" style=\"\">\t\t\t\t\t\t<header class=\"wp-show-posts-entry-header\">\n\t\t\t\t\t\t\t<h2 class=\"wp-show-posts-entry-title\" itemprop=\"headline\"><a href=\"http:\/\/www.asalfa.org.ar\/web\/2023\/03\/01\/fonoexpo-2023\/\" rel=\"bookmark\">FonoExpo 2023<\/a><\/h2>\t\t\t\t\t\t<\/header><!-- .entry-header -->\n\t\t\t\t\t\t\t<div class=\"wp-show-posts-image  wpsp-image-center \">\n\t\t\t<a href=\"http:\/\/www.asalfa.org.ar\/web\/2023\/03\/01\/fonoexpo-2023\/\"  title=\"FonoExpo 2023\"><img width=\"1041\" height=\"1172\" src=\"http:\/\/www.asalfa.org.ar\/web\/wp-content\/uploads\/2023\/03\/Expo-Fono.jpeg\" class=\"attachment-full size-full wp-post-image\" alt=\"\" loading=\"lazy\" itemprop=\"image\" srcset=\"http:\/\/www.asalfa.org.ar\/web\/wp-content\/uploads\/2023\/03\/Expo-Fono.jpeg 1041w, http:\/\/www.asalfa.org.ar\/web\/wp-content\/uploads\/2023\/03\/Expo-Fono-266x300.jpeg 266w, http:\/\/www.asalfa.org.ar\/web\/wp-content\/uploads\/2023\/03\/Expo-Fono-910x1024.jpeg 910w, http:\/\/www.asalfa.org.ar\/web\/wp-content\/uploads\/2023\/03\/Expo-Fono-768x865.jpeg 768w\" sizes=\"(max-width: 1041px) 100vw, 1041px\" \/><\/a>\t\t<\/div>\n\t\t\t\t\t\t\t\t<div class=\"wp-show-posts-entry-summary\" itemprop=\"text\">\n\t\t\t\t\t\t\t<p>Entrada libre y gratuita. Requiere inscripci\u00f3n en\u00a0https:\/\/www.fonoexpo.com.ar\/ &nbsp;<\/p>\n\t\t\t\t\t\t<\/div><!-- .entry-summary -->\n\t\t\t\t\t<\/div><!-- wp-show-posts-inner --><\/article><article class=\" wp-show-posts-single post-2238 post type-post status-publish format-standard has-post-thumbnail hentry category-otras-actividades wpsp-col-4\" itemtype=\"http:\/\/schema.org\/CreativeWork\" itemscope><div class=\"wp-show-posts-inner\" style=\"\">\t\t\t\t\t\t<header class=\"wp-show-posts-entry-header\">\n\t\t\t\t\t\t\t<h2 class=\"wp-show-posts-entry-title\" itemprop=\"headline\"><a href=\"http:\/\/www.asalfa.org.ar\/web\/2022\/10\/18\/curso-externo\/\" rel=\"bookmark\">Curso externo<\/a><\/h2>\t\t\t\t\t\t<\/header><!-- .entry-header -->\n\t\t\t\t\t\t\t<div class=\"wp-show-posts-image  wpsp-image-center \">\n\t\t\t<a href=\"http:\/\/www.asalfa.org.ar\/web\/2022\/10\/18\/curso-externo\/\"  title=\"Curso externo\"><img width=\"1080\" height=\"1080\" src=\"http:\/\/www.asalfa.org.ar\/web\/wp-content\/uploads\/2022\/10\/Curso-externo-acufenos2.jpg\" class=\"attachment-full size-full wp-post-image\" alt=\"\" loading=\"lazy\" itemprop=\"image\" srcset=\"http:\/\/www.asalfa.org.ar\/web\/wp-content\/uploads\/2022\/10\/Curso-externo-acufenos2.jpg 1080w, http:\/\/www.asalfa.org.ar\/web\/wp-content\/uploads\/2022\/10\/Curso-externo-acufenos2-300x300.jpg 300w, http:\/\/www.asalfa.org.ar\/web\/wp-content\/uploads\/2022\/10\/Curso-externo-acufenos2-1024x1024.jpg 1024w, http:\/\/www.asalfa.org.ar\/web\/wp-content\/uploads\/2022\/10\/Curso-externo-acufenos2-150x150.jpg 150w, http:\/\/www.asalfa.org.ar\/web\/wp-content\/uploads\/2022\/10\/Curso-externo-acufenos2-768x768.jpg 768w, http:\/\/www.asalfa.org.ar\/web\/wp-content\/uploads\/2022\/10\/Curso-externo-acufenos2-700x700.jpg 700w\" sizes=\"(max-width: 1080px) 100vw, 1080px\" \/><\/a>\t\t<\/div>\n\t\t\t\t\t\t\t\t<div class=\"wp-show-posts-entry-summary\" itemprop=\"text\">\n\t\t\t\t\t\t\t<p>20% de descuento para socios ASALFA en el CURSO EXTERNO: Hiperacusia y procesamiento auditivo central. S\u00e1bado 22 de Octubre 2022 &#8211; 09:00hs &#8211; Inscripciones: acufenosonline@gmail.com<\/p>\n\t\t\t\t\t\t<\/div><!-- .entry-summary -->\n\t\t\t\t\t<\/div><!-- wp-show-posts-inner --><\/article><article class=\" wp-show-posts-single post-2210 post type-post status-publish format-standard has-post-thumbnail hentry category-otras-actividades tag-concurrencias tag-estudiantes tag-fonoaudiologia tag-gcba tag-residencias wpsp-col-4\" itemtype=\"http:\/\/schema.org\/CreativeWork\" itemscope><div class=\"wp-show-posts-inner\" style=\"\">\t\t\t\t\t\t<header class=\"wp-show-posts-entry-header\">\n\t\t\t\t\t\t\t<h2 class=\"wp-show-posts-entry-title\" itemprop=\"headline\"><a href=\"http:\/\/www.asalfa.org.ar\/web\/2022\/08\/17\/jornadas-de-residencias-y-concurrencias\/\" rel=\"bookmark\">Jornadas de residencias y concurrencias<\/a><\/h2>\t\t\t\t\t\t<\/header><!-- .entry-header -->\n\t\t\t\t\t\t\t<div class=\"wp-show-posts-image  wpsp-image-center \">\n\t\t\t<a href=\"http:\/\/www.asalfa.org.ar\/web\/2022\/08\/17\/jornadas-de-residencias-y-concurrencias\/\"  title=\"Jornadas de residencias y concurrencias\"><img width=\"724\" height=\"1024\" src=\"http:\/\/www.asalfa.org.ar\/web\/wp-content\/uploads\/2022\/08\/WhatsApp-Image-2022-08-08-at-2.21.15-PM.jpeg\" class=\"attachment-full size-full wp-post-image\" alt=\"\" loading=\"lazy\" itemprop=\"image\" srcset=\"http:\/\/www.asalfa.org.ar\/web\/wp-content\/uploads\/2022\/08\/WhatsApp-Image-2022-08-08-at-2.21.15-PM.jpeg 724w, http:\/\/www.asalfa.org.ar\/web\/wp-content\/uploads\/2022\/08\/WhatsApp-Image-2022-08-08-at-2.21.15-PM-212x300.jpeg 212w\" sizes=\"(max-width: 724px) 100vw, 724px\" \/><\/a>\t\t<\/div>\n\t\t\t\t\t\t\t\t<div class=\"wp-show-posts-entry-summary\" itemprop=\"text\">\n\t\t\t\t\t\t\t<p>XIX Jornadas de residencias y concurrencias de Fonoaudiolog\u00eda &#8211; Gobierno de la Ciudad aut\u00f3noma de Buenos Aires Dirigido a estudiantes y profesionales de salud Actividad no arancelada &nbsp;<\/p>\n\t\t\t\t\t\t<\/div><!-- .entry-summary -->\n\t\t\t\t\t<\/div><!-- wp-show-posts-inner --><\/article><article class=\" wp-show-posts-single post-2196 post type-post status-publish format-standard has-post-thumbnail hentry category-otras-actividades tag-audicion wpsp-col-4\" itemtype=\"http:\/\/schema.org\/CreativeWork\" itemscope><div class=\"wp-show-posts-inner\" style=\"\">\t\t\t\t\t\t<header class=\"wp-show-posts-entry-header\">\n\t\t\t\t\t\t\t<h2 class=\"wp-show-posts-entry-title\" itemprop=\"headline\"><a href=\"http:\/\/www.asalfa.org.ar\/web\/2022\/07\/28\/conferencia-internacional-de-ciencias-de-la-audicion\/\" rel=\"bookmark\">Conferencia Internacional de Ciencias de la audici\u00f3n<\/a><\/h2>\t\t\t\t\t\t<\/header><!-- .entry-header -->\n\t\t\t\t\t\t\t<div class=\"wp-show-posts-image  wpsp-image-center \">\n\t\t\t<a href=\"http:\/\/www.asalfa.org.ar\/web\/2022\/07\/28\/conferencia-internacional-de-ciencias-de-la-audicion\/\"  title=\"Conferencia Internacional de Ciencias de la audici\u00f3n\"><img width=\"2048\" height=\"2048\" src=\"http:\/\/www.asalfa.org.ar\/web\/wp-content\/uploads\/2022\/07\/295818180_439232711548345_6274442379029390256_n.jpg\" class=\"attachment-full size-full wp-post-image\" alt=\"\" loading=\"lazy\" itemprop=\"image\" srcset=\"http:\/\/www.asalfa.org.ar\/web\/wp-content\/uploads\/2022\/07\/295818180_439232711548345_6274442379029390256_n.jpg 2048w, http:\/\/www.asalfa.org.ar\/web\/wp-content\/uploads\/2022\/07\/295818180_439232711548345_6274442379029390256_n-300x300.jpg 300w, http:\/\/www.asalfa.org.ar\/web\/wp-content\/uploads\/2022\/07\/295818180_439232711548345_6274442379029390256_n-1024x1024.jpg 1024w, http:\/\/www.asalfa.org.ar\/web\/wp-content\/uploads\/2022\/07\/295818180_439232711548345_6274442379029390256_n-150x150.jpg 150w, http:\/\/www.asalfa.org.ar\/web\/wp-content\/uploads\/2022\/07\/295818180_439232711548345_6274442379029390256_n-768x768.jpg 768w, http:\/\/www.asalfa.org.ar\/web\/wp-content\/uploads\/2022\/07\/295818180_439232711548345_6274442379029390256_n-1536x1536.jpg 1536w, http:\/\/www.asalfa.org.ar\/web\/wp-content\/uploads\/2022\/07\/295818180_439232711548345_6274442379029390256_n-700x700.jpg 700w\" sizes=\"(max-width: 2048px) 100vw, 2048px\" \/><\/a>\t\t<\/div>\n\t\t\t\t\t\t\t\t<div class=\"wp-show-posts-entry-summary\" itemprop=\"text\">\n\t\t\t\t\t\t\t<p>\u00a1Inscripciones abiertas! CONFERENCIA INTERNACIONAL DE CIENCIAS DE LA AUDICI\u00d3N &#8211;\u00a05 y 6 de octubre No dejes pasar la oportunidad de asistir a esta reuni\u00f3n acad\u00e9mica de excelencia que contar\u00e1 con&#8230;<\/p>\n\t\t\t\t\t\t<\/div><!-- .entry-summary -->\n\t\t\t\t\t<\/div><!-- wp-show-posts-inner --><\/article><article class=\" wp-show-posts-single post-2199 post type-post status-publish format-standard has-post-thumbnail hentry category-otras-actividades wpsp-col-4\" itemtype=\"http:\/\/schema.org\/CreativeWork\" itemscope><div class=\"wp-show-posts-inner\" style=\"\">\t\t\t\t\t\t<header class=\"wp-show-posts-entry-header\">\n\t\t\t\t\t\t\t<h2 class=\"wp-show-posts-entry-title\" itemprop=\"headline\"><a href=\"http:\/\/www.asalfa.org.ar\/web\/2022\/07\/28\/conferencia-mah\/\" rel=\"bookmark\">Conferencia MAH<\/a><\/h2>\t\t\t\t\t\t<\/header><!-- .entry-header -->\n\t\t\t\t\t\t\t<div class=\"wp-show-posts-image  wpsp-image-center \">\n\t\t\t<a href=\"http:\/\/www.asalfa.org.ar\/web\/2022\/07\/28\/conferencia-mah\/\"  title=\"Conferencia MAH\"><img width=\"2048\" height=\"2048\" src=\"http:\/\/www.asalfa.org.ar\/web\/wp-content\/uploads\/2022\/07\/294660607_439235158214767_2541476879018036428_n.jpg\" class=\"attachment-full size-full wp-post-image\" alt=\"\" loading=\"lazy\" itemprop=\"image\" srcset=\"http:\/\/www.asalfa.org.ar\/web\/wp-content\/uploads\/2022\/07\/294660607_439235158214767_2541476879018036428_n.jpg 2048w, http:\/\/www.asalfa.org.ar\/web\/wp-content\/uploads\/2022\/07\/294660607_439235158214767_2541476879018036428_n-300x300.jpg 300w, http:\/\/www.asalfa.org.ar\/web\/wp-content\/uploads\/2022\/07\/294660607_439235158214767_2541476879018036428_n-1024x1024.jpg 1024w, http:\/\/www.asalfa.org.ar\/web\/wp-content\/uploads\/2022\/07\/294660607_439235158214767_2541476879018036428_n-150x150.jpg 150w, http:\/\/www.asalfa.org.ar\/web\/wp-content\/uploads\/2022\/07\/294660607_439235158214767_2541476879018036428_n-768x768.jpg 768w, http:\/\/www.asalfa.org.ar\/web\/wp-content\/uploads\/2022\/07\/294660607_439235158214767_2541476879018036428_n-1536x1536.jpg 1536w, http:\/\/www.asalfa.org.ar\/web\/wp-content\/uploads\/2022\/07\/294660607_439235158214767_2541476879018036428_n-700x700.jpg 700w\" sizes=\"(max-width: 2048px) 100vw, 2048px\" \/><\/a>\t\t<\/div>\n\t\t\t\t\t\t\t\t<div class=\"wp-show-posts-entry-summary\" itemprop=\"text\">\n\t\t\t\t\t\t\t\t\t\t\t\t\t<\/div><!-- .entry-summary -->\n\t\t\t\t\t<\/div><!-- wp-show-posts-inner --><\/article><article class=\" wp-show-posts-single post-2203 post type-post status-publish format-standard has-post-thumbnail hentry category-otras-actividades wpsp-col-4\" itemtype=\"http:\/\/schema.org\/CreativeWork\" itemscope><div class=\"wp-show-posts-inner\" style=\"\">\t\t\t\t\t\t<header class=\"wp-show-posts-entry-header\">\n\t\t\t\t\t\t\t<h2 class=\"wp-show-posts-entry-title\" itemprop=\"headline\"><a href=\"http:\/\/www.asalfa.org.ar\/web\/2022\/07\/28\/conferencia-mah-2\/\" rel=\"bookmark\">Conferencia MAH<\/a><\/h2>\t\t\t\t\t\t<\/header><!-- .entry-header -->\n\t\t\t\t\t\t\t<div class=\"wp-show-posts-image  wpsp-image-center \">\n\t\t\t<a href=\"http:\/\/www.asalfa.org.ar\/web\/2022\/07\/28\/conferencia-mah-2\/\"  title=\"Conferencia MAH\"><img width=\"2048\" height=\"2048\" src=\"http:\/\/www.asalfa.org.ar\/web\/wp-content\/uploads\/2022\/07\/295499292_439235151548101_3745330739776985129_n.jpg\" class=\"attachment-full size-full wp-post-image\" alt=\"\" loading=\"lazy\" itemprop=\"image\" srcset=\"http:\/\/www.asalfa.org.ar\/web\/wp-content\/uploads\/2022\/07\/295499292_439235151548101_3745330739776985129_n.jpg 2048w, http:\/\/www.asalfa.org.ar\/web\/wp-content\/uploads\/2022\/07\/295499292_439235151548101_3745330739776985129_n-300x300.jpg 300w, http:\/\/www.asalfa.org.ar\/web\/wp-content\/uploads\/2022\/07\/295499292_439235151548101_3745330739776985129_n-1024x1024.jpg 1024w, http:\/\/www.asalfa.org.ar\/web\/wp-content\/uploads\/2022\/07\/295499292_439235151548101_3745330739776985129_n-150x150.jpg 150w, http:\/\/www.asalfa.org.ar\/web\/wp-content\/uploads\/2022\/07\/295499292_439235151548101_3745330739776985129_n-768x768.jpg 768w, http:\/\/www.asalfa.org.ar\/web\/wp-content\/uploads\/2022\/07\/295499292_439235151548101_3745330739776985129_n-1536x1536.jpg 1536w, http:\/\/www.asalfa.org.ar\/web\/wp-content\/uploads\/2022\/07\/295499292_439235151548101_3745330739776985129_n-700x700.jpg 700w\" sizes=\"(max-width: 2048px) 100vw, 2048px\" \/><\/a>\t\t<\/div>\n\t\t\t\t\t\t\t\t<div class=\"wp-show-posts-entry-summary\" itemprop=\"text\">\n\t\t\t\t\t\t\t\t\t\t\t\t\t<\/div><!-- .entry-summary -->\n\t\t\t\t\t<\/div><!-- wp-show-posts-inner --><\/article><article class=\" wp-show-posts-single post-2107 post type-post status-publish format-standard has-post-thumbnail hentry category-otras-actividades wpsp-col-4\" itemtype=\"http:\/\/schema.org\/CreativeWork\" itemscope><div class=\"wp-show-posts-inner\" style=\"\">\t\t\t\t\t\t<header class=\"wp-show-posts-entry-header\">\n\t\t\t\t\t\t\t<h2 class=\"wp-show-posts-entry-title\" itemprop=\"headline\"><a href=\"http:\/\/www.asalfa.org.ar\/web\/2022\/05\/02\/acufenos\/\" rel=\"bookmark\">Ac\u00fafenos<\/a><\/h2>\t\t\t\t\t\t<\/header><!-- .entry-header -->\n\t\t\t\t\t\t\t<div class=\"wp-show-posts-image  wpsp-image-center \">\n\t\t\t<a href=\"http:\/\/www.asalfa.org.ar\/web\/2022\/05\/02\/acufenos\/\"  title=\"Ac\u00fafenos\"><img width=\"1080\" height=\"1080\" src=\"http:\/\/www.asalfa.org.ar\/web\/wp-content\/uploads\/2022\/05\/Jornada_acufenos.jpg\" class=\"attachment-full size-full wp-post-image\" alt=\"\" loading=\"lazy\" itemprop=\"image\" srcset=\"http:\/\/www.asalfa.org.ar\/web\/wp-content\/uploads\/2022\/05\/Jornada_acufenos.jpg 1080w, http:\/\/www.asalfa.org.ar\/web\/wp-content\/uploads\/2022\/05\/Jornada_acufenos-300x300.jpg 300w, http:\/\/www.asalfa.org.ar\/web\/wp-content\/uploads\/2022\/05\/Jornada_acufenos-1024x1024.jpg 1024w, http:\/\/www.asalfa.org.ar\/web\/wp-content\/uploads\/2022\/05\/Jornada_acufenos-150x150.jpg 150w, http:\/\/www.asalfa.org.ar\/web\/wp-content\/uploads\/2022\/05\/Jornada_acufenos-768x768.jpg 768w, http:\/\/www.asalfa.org.ar\/web\/wp-content\/uploads\/2022\/05\/Jornada_acufenos-700x700.jpg 700w\" sizes=\"(max-width: 1080px) 100vw, 1080px\" \/><\/a>\t\t<\/div>\n\t\t\t\t\t\t\t\t<div class=\"wp-show-posts-entry-summary\" itemprop=\"text\">\n\t\t\t\t\t\t\t\t\t\t\t\t\t<\/div><!-- .entry-summary -->\n\t\t\t\t\t<\/div><!-- wp-show-posts-inner --><\/article><div class=\"wpsp-clear\"><\/div><\/section><!-- .wp-show-posts -->\n","protected":false},"excerpt":{"rendered":"<p>Informaci\u00f3n de Seminarios, Congresos, Webinars, etc. de otras asociaciones cient\u00edficas, de inter\u00e9s para la comunidad fonoaudiol\u00f3gica.<\/p>\n","protected":false},"author":1,"featured_media":1239,"parent":0,"menu_order":0,"comment_status":"closed","ping_status":"closed","template":"","meta":{"cybocfi_hide_featured_image":"yes"},"yoast_head":"<!-- This site is optimized with the Yoast SEO plugin v16.8 - https:\/\/yoast.com\/wordpress\/plugins\/seo\/ -->\n<title>Otras actividades cient\u00edficas | Asoc. Arg. de Logopedia, Foniatr\u00eda y Audiolog\u00eda<\/title>\n<meta name=\"robots\" content=\"index, follow, max-snippet:-1, max-image-preview:large, max-video-preview:-1\" \/>\n<link rel=\"canonical\" href=\"http:\/\/www.asalfa.org.ar\/web\/otras-actividades\/\" \/>\n<meta property=\"og:locale\" content=\"es_ES\" \/>\n<meta property=\"og:type\" content=\"article\" \/>\n<meta property=\"og:title\" content=\"Otras actividades cient\u00edficas | Asoc. Arg. de Logopedia, Foniatr\u00eda y Audiolog\u00eda\" \/>\n<meta property=\"og:description\" content=\"Informaci\u00f3n de Seminarios, Congresos, Webinars, etc. de otras asociaciones cient\u00edficas, de inter\u00e9s para la comunidad fonoaudiol\u00f3gica.\" \/>\n<meta property=\"og:url\" content=\"http:\/\/www.asalfa.org.ar\/web\/otras-actividades\/\" \/>\n<meta property=\"og:site_name\" content=\"Asoc. Arg. de Logopedia, Foniatr\u00eda y Audiolog\u00eda\" \/>\n<meta property=\"article:publisher\" content=\"https:\/\/www.facebook.com\/asalfa.web\" \/>\n<meta property=\"article:modified_time\" content=\"2021-07-22T23:09:02+00:00\" \/>\n<meta property=\"og:image\" content=\"https:\/\/www.asalfa.org.ar\/web\/wp-content\/uploads\/2021\/07\/Actividades_imagen3a.jpg\" \/>\n\t<meta property=\"og:image:width\" content=\"603\" \/>\n\t<meta property=\"og:image:height\" content=\"530\" \/>\n<meta name=\"twitter:card\" content=\"summary_large_image\" \/>\n<script type=\"application\/ld+json\" class=\"yoast-schema-graph\">{\"@context\":\"https:\/\/schema.org\",\"@graph\":[{\"@type\":\"Organization\",\"@id\":\"https:\/\/www.asalfa.org.ar\/web\/#organization\",\"name\":\"ASALFA\",\"url\":\"https:\/\/www.asalfa.org.ar\/web\/\",\"sameAs\":[\"https:\/\/www.facebook.com\/asalfa.web\",\"https:\/\/www.instagram.com\/asalfa.fono\/\",\"https:\/\/www.youtube.com\/channel\/UCViRiKssMnG1fvSb5yMV_Gw\"],\"logo\":{\"@type\":\"ImageObject\",\"@id\":\"https:\/\/www.asalfa.org.ar\/web\/#logo\",\"inLanguage\":\"es-AR\",\"url\":\"https:\/\/www.asalfa.org.ar\/web\/wp-content\/uploads\/2021\/07\/LogoASALFAdesde1948-1.png\",\"contentUrl\":\"https:\/\/www.asalfa.org.ar\/web\/wp-content\/uploads\/2021\/07\/LogoASALFAdesde1948-1.png\",\"width\":249,\"height\":65,\"caption\":\"ASALFA\"},\"image\":{\"@id\":\"https:\/\/www.asalfa.org.ar\/web\/#logo\"}},{\"@type\":\"WebSite\",\"@id\":\"https:\/\/www.asalfa.org.ar\/web\/#website\",\"url\":\"https:\/\/www.asalfa.org.ar\/web\/\",\"name\":\"ASALFA\",\"description\":\"Fonoaudiolog\\u00eda\",\"publisher\":{\"@id\":\"https:\/\/www.asalfa.org.ar\/web\/#organization\"},\"potentialAction\":[{\"@type\":\"SearchAction\",\"target\":{\"@type\":\"EntryPoint\",\"urlTemplate\":\"https:\/\/www.asalfa.org.ar\/web\/?s={search_term_string}\"},\"query-input\":\"required name=search_term_string\"}],\"inLanguage\":\"es-AR\"},{\"@type\":\"WebPage\",\"@id\":\"http:\/\/www.asalfa.org.ar\/web\/otras-actividades\/#webpage\",\"url\":\"http:\/\/www.asalfa.org.ar\/web\/otras-actividades\/\",\"name\":\"Otras actividades cient\\u00edficas | Asoc. Arg. de Logopedia, Foniatr\\u00eda y Audiolog\\u00eda\",\"isPartOf\":{\"@id\":\"https:\/\/www.asalfa.org.ar\/web\/#website\"},\"primaryImageOfPage\":{\"@id\":\"http:\/\/www.asalfa.org.ar\/web\/otras-actividades\/#primaryimage\"},\"datePublished\":\"2021-07-07T17:54:41+00:00\",\"dateModified\":\"2021-07-22T23:09:02+00:00\",\"breadcrumb\":{\"@id\":\"http:\/\/www.asalfa.org.ar\/web\/otras-actividades\/#breadcrumb\"},\"inLanguage\":\"es-AR\",\"potentialAction\":[{\"@type\":\"ReadAction\",\"target\":[\"http:\/\/www.asalfa.org.ar\/web\/otras-actividades\/\"]}]},{\"@type\":\"BreadcrumbList\",\"@id\":\"http:\/\/www.asalfa.org.ar\/web\/otras-actividades\/#breadcrumb\",\"itemListElement\":[{\"@type\":\"ListItem\",\"position\":1,\"name\":\"Inicio\",\"item\":\"https:\/\/www.asalfa.org.ar\/web\/\"},{\"@type\":\"ListItem\",\"position\":2,\"name\":\"Otras actividades cient\\u00edficas\"}]}]}<\/script>\n<!-- \/ Yoast SEO plugin. -->","yoast_head_json":{"title":"Otras actividades cient\u00edficas | Asoc. Arg. de Logopedia, Foniatr\u00eda y Audiolog\u00eda","robots":{"index":"index","follow":"follow","max-snippet":"max-snippet:-1","max-image-preview":"max-image-preview:large","max-video-preview":"max-video-preview:-1"},"canonical":"http:\/\/www.asalfa.org.ar\/web\/otras-actividades\/","og_locale":"es_ES","og_type":"article","og_title":"Otras actividades cient\u00edficas | Asoc. Arg. de Logopedia, Foniatr\u00eda y Audiolog\u00eda","og_description":"Informaci\u00f3n de Seminarios, Congresos, Webinars, etc. de otras asociaciones cient\u00edficas, de inter\u00e9s para la comunidad fonoaudiol\u00f3gica.","og_url":"http:\/\/www.asalfa.org.ar\/web\/otras-actividades\/","og_site_name":"Asoc. Arg. de Logopedia, Foniatr\u00eda y Audiolog\u00eda","article_publisher":"https:\/\/www.facebook.com\/asalfa.web","article_modified_time":"2021-07-22T23:09:02+00:00","og_image":[{"width":603,"height":530,"url":"https:\/\/www.asalfa.org.ar\/web\/wp-content\/uploads\/2021\/07\/Actividades_imagen3a.jpg","path":"\/home\/laura\/public_html\/web\/wp-content\/uploads\/2021\/07\/Actividades_imagen3a.jpg","size":"full","id":1239,"alt":"","pixels":319590,"type":"image\/jpeg"}],"twitter_card":"summary_large_image","schema":{"@context":"https:\/\/schema.org","@graph":[{"@type":"Organization","@id":"https:\/\/www.asalfa.org.ar\/web\/#organization","name":"ASALFA","url":"https:\/\/www.asalfa.org.ar\/web\/","sameAs":["https:\/\/www.facebook.com\/asalfa.web","https:\/\/www.instagram.com\/asalfa.fono\/","https:\/\/www.youtube.com\/channel\/UCViRiKssMnG1fvSb5yMV_Gw"],"logo":{"@type":"ImageObject","@id":"https:\/\/www.asalfa.org.ar\/web\/#logo","inLanguage":"es-AR","url":"https:\/\/www.asalfa.org.ar\/web\/wp-content\/uploads\/2021\/07\/LogoASALFAdesde1948-1.png","contentUrl":"https:\/\/www.asalfa.org.ar\/web\/wp-content\/uploads\/2021\/07\/LogoASALFAdesde1948-1.png","width":249,"height":65,"caption":"ASALFA"},"image":{"@id":"https:\/\/www.asalfa.org.ar\/web\/#logo"}},{"@type":"WebSite","@id":"https:\/\/www.asalfa.org.ar\/web\/#website","url":"https:\/\/www.asalfa.org.ar\/web\/","name":"ASALFA","description":"Fonoaudiolog\u00eda","publisher":{"@id":"https:\/\/www.asalfa.org.ar\/web\/#organization"},"potentialAction":[{"@type":"SearchAction","target":{"@type":"EntryPoint","urlTemplate":"https:\/\/www.asalfa.org.ar\/web\/?s={search_term_string}"},"query-input":"required name=search_term_string"}],"inLanguage":"es-AR"},{"@type":"WebPage","@id":"http:\/\/www.asalfa.org.ar\/web\/otras-actividades\/#webpage","url":"http:\/\/www.asalfa.org.ar\/web\/otras-actividades\/","name":"Otras actividades cient\u00edficas | Asoc. Arg. de Logopedia, Foniatr\u00eda y Audiolog\u00eda","isPartOf":{"@id":"https:\/\/www.asalfa.org.ar\/web\/#website"},"primaryImageOfPage":{"@id":"http:\/\/www.asalfa.org.ar\/web\/otras-actividades\/#primaryimage"},"datePublished":"2021-07-07T17:54:41+00:00","dateModified":"2021-07-22T23:09:02+00:00","breadcrumb":{"@id":"http:\/\/www.asalfa.org.ar\/web\/otras-actividades\/#breadcrumb"},"inLanguage":"es-AR","potentialAction":[{"@type":"ReadAction","target":["http:\/\/www.asalfa.org.ar\/web\/otras-actividades\/"]}]},{"@type":"BreadcrumbList","@id":"http:\/\/www.asalfa.org.ar\/web\/otras-actividades\/#breadcrumb","itemListElement":[{"@type":"ListItem","position":1,"name":"Inicio","item":"https:\/\/www.asalfa.org.ar\/web\/"},{"@type":"ListItem","position":2,"name":"Otras actividades cient\u00edficas"}]}]}},"_links":{"self":[{"href":"http:\/\/www.asalfa.org.ar\/web\/wp-json\/wp\/v2\/pages\/1102"}],"collection":[{"href":"http:\/\/www.asalfa.org.ar\/web\/wp-json\/wp\/v2\/pages"}],"about":[{"href":"http:\/\/www.asalfa.org.ar\/web\/wp-json\/wp\/v2\/types\/page"}],"author":[{"embeddable":true,"href":"http:\/\/www.asalfa.org.ar\/web\/wp-json\/wp\/v2\/users\/1"}],"replies":[{"embeddable":true,"href":"http:\/\/www.asalfa.org.ar\/web\/wp-json\/wp\/v2\/comments?post=1102"}],"version-history":[{"count":10,"href":"http:\/\/www.asalfa.org.ar\/web\/wp-json\/wp\/v2\/pages\/1102\/revisions"}],"predecessor-version":[{"id":1313,"href":"http:\/\/www.asalfa.org.ar\/web\/wp-json\/wp\/v2\/pages\/1102\/revisions\/1313"}],"wp:featuredmedia":[{"embeddable":true,"href":"http:\/\/www.asalfa.org.ar\/web\/wp-json\/wp\/v2\/media\/1239"}],"wp:attachment":[{"href":"http:\/\/www.asalfa.org.ar\/web\/wp-json\/wp\/v2\/media?parent=1102"}],"curies":[{"name":"wp","href":"https:\/\/api.w.org\/{rel}","templated":true}]}}