{"id":187,"date":"2021-06-24T03:06:59","date_gmt":"2021-06-24T03:06:59","guid":{"rendered":"http:\/\/www.asalfa.org.ar\/web\/?page_id=187"},"modified":"2021-07-11T22:43:39","modified_gmt":"2021-07-12T01:43:39","slug":"autoridadesasalfa","status":"publish","type":"page","link":"http:\/\/www.asalfa.org.ar\/web\/autoridadesasalfa\/","title":{"rendered":"Autoridades"},"content":{"rendered":"<div class=\"ttp-wrapper ttp-grid-layout\" id=\"ttp-wrapper-grid-layout-253282416\">\r\n    <div class=\"ttp-team-content-outer-wrap\" id=\"ttp-template-1\">\r\n        <div class=\"ttp-layout-contents ttp-grid-layout-content\" id=\"ttp-column-3\" data-per-row=\"3\">\t\t\t\t\r\n                                    <div class=\"grid-row-wrapper\">\r\n                            <div class=\"grid-row-wrapper-inner clearfix\">\r\n                                                            <div class=\"ttp-inner-whole-wrapper\" style=\"padding:0px 10px;\">        \r\n                                                                    <div class=\"ttp-grid-thumb-wrapper\">\r\n                                        <div class=\"ttp-primary-content\">   \r\n                                                                                            <div class=\"content-wrapper\" id=\"arrow-1\">  \r\n                                                    <div class=\"ttp-grid-image\">\r\n                                                                                                                                                                            <img src='http:\/\/www.asalfa.org.ar\/web\/wp-content\/uploads\/2022\/03\/Jury2-3-150x150.jpg' alt=\"Dra. Silvia Jury\" \/>\r\n                                                            <span data-id=\"1147\" data-disp-type=\"popup\" data-disp-pos=\"center\" class=\"ttp-expand-popup-click ttp-expand-popup-click-action\"><i class=\"fa fa-search\"><\/i><\/span>      \r\n                                                                                                                                                                    <\/div>\r\n                                                <\/div>\r\n                                                                                                    <span class = \"ttp-thumb-position\">\r\n                                                        Presidente                                                    <\/span>\r\n                                                    <span data-id=\"1147\" data-disp-type=\"popup\" data-disp-pos=\"center\" class=\"ttp-expand-popup-click-action ttp-content-header\">Dra. Silvia Jury<\/span>                                                <div class=\"ttp-thumb-social-link clearfix\">\r\n                                                                                                    <\/div>\r\n                                                                                    <\/div>\r\n                                                \r\n                                            <div class=\"ttp-secondary-content\">\r\n                                                                                            <\/div>\r\n                                                                                                                                                            <\/div>\r\n                                                                                            <\/div>\r\n                                                        <div class=\"ttp-inner-whole-wrapper\" style=\"padding:0px 10px;\">        \r\n                                                                    <div class=\"ttp-grid-thumb-wrapper\">\r\n                                        <div class=\"ttp-primary-content\">   \r\n                                                                                            <div class=\"content-wrapper\" id=\"arrow-2\">  \r\n                                                    <div class=\"ttp-grid-image\">\r\n                                                                                                                                                                            <img src='http:\/\/www.asalfa.org.ar\/web\/wp-content\/uploads\/2022\/03\/Nora-Neustadt-150x150.jpg' alt=\"Dra. Nora Neustadt de Kohan\" \/>\r\n                                                            <span data-id=\"1158\" data-disp-type=\"popup\" data-disp-pos=\"center\" class=\"ttp-expand-popup-click ttp-expand-popup-click-action\"><i class=\"fa fa-search\"><\/i><\/span>      \r\n                                                                                                                                                                    <\/div>\r\n                                                <\/div>\r\n                                                                                                    <span class = \"ttp-thumb-position\">\r\n                                                        Vicepresidente                                                    <\/span>\r\n                                                    <span data-id=\"1158\" data-disp-type=\"popup\" data-disp-pos=\"center\" class=\"ttp-expand-popup-click-action ttp-content-header\">Dra. Nora Neustadt de Kohan<\/span>                                                <div class=\"ttp-thumb-social-link clearfix\">\r\n                                                                                                    <\/div>\r\n                                                                                    <\/div>\r\n                                                \r\n                                            <div class=\"ttp-secondary-content\">\r\n                                                                                            <\/div>\r\n                                                                                                                                                            <\/div>\r\n                                                                                            <\/div>\r\n                                                        <div class=\"ttp-inner-whole-wrapper\" style=\"padding:0px 10px;\">        \r\n                                                                    <div class=\"ttp-grid-thumb-wrapper\">\r\n                                        <div class=\"ttp-primary-content\">   \r\n                                                                                            <div class=\"content-wrapper\" id=\"arrow-3\">  \r\n                                                    <div class=\"ttp-grid-image\">\r\n                                                                                                                                                                            <img src='http:\/\/www.asalfa.org.ar\/web\/wp-content\/uploads\/2022\/03\/Laura_Abal2-150x150.jpg' alt=\"Fga. Laura Elena Abal\" \/>\r\n                                                            <span data-id=\"1150\" data-disp-type=\"popup\" data-disp-pos=\"center\" class=\"ttp-expand-popup-click ttp-expand-popup-click-action\"><i class=\"fa fa-search\"><\/i><\/span>      \r\n                                                                                                                                                                    <\/div>\r\n                                                <\/div>\r\n                                                                                                    <span class = \"ttp-thumb-position\">\r\n                                                        Secretaria                                                    <\/span>\r\n                                                    <span data-id=\"1150\" data-disp-type=\"popup\" data-disp-pos=\"center\" class=\"ttp-expand-popup-click-action ttp-content-header\">Fga. Laura Elena Abal<\/span>                                                <div class=\"ttp-thumb-social-link clearfix\">\r\n                                                                                                    <\/div>\r\n                                                                                    <\/div>\r\n                                                \r\n                                            <div class=\"ttp-secondary-content\">\r\n                                                                                            <\/div>\r\n                                                                                                                                                            <\/div>\r\n                                                                                            <\/div>\r\n                                                        <\/div>\r\n                            <div id=\"team-infos-block\" class=\"team-info-block clearfix\" style=\"display: none; clear:both;\"><\/div>\r\n                        <\/div>\r\n                                                <div class=\"grid-row-wrapper\">\r\n                            <div class=\"grid-row-wrapper-inner clearfix\">\r\n                                                            <div class=\"ttp-inner-whole-wrapper\" style=\"padding:0px 10px;\">        \r\n                                                                    <div class=\"ttp-grid-thumb-wrapper\">\r\n                                        <div class=\"ttp-primary-content\">   \r\n                                                                                            <div class=\"content-wrapper\" id=\"arrow-1\">  \r\n                                                    <div class=\"ttp-grid-image\">\r\n                                                                                                                                                                            <img src='http:\/\/www.asalfa.org.ar\/web\/wp-content\/uploads\/2022\/03\/Liliana-Arjona2-150x150.jpg' alt=\"Lic. Liliana B. Arjona\" \/>\r\n                                                            <span data-id=\"1163\" data-disp-type=\"popup\" data-disp-pos=\"center\" class=\"ttp-expand-popup-click ttp-expand-popup-click-action\"><i class=\"fa fa-search\"><\/i><\/span>      \r\n                                                                                                                                                                    <\/div>\r\n                                                <\/div>\r\n                                                                                                    <span class = \"ttp-thumb-position\">\r\n                                                        Pro Secretaria                                                    <\/span>\r\n                                                    <span data-id=\"1163\" data-disp-type=\"popup\" data-disp-pos=\"center\" class=\"ttp-expand-popup-click-action ttp-content-header\">Lic. Liliana B. Arjona<\/span>                                                <div class=\"ttp-thumb-social-link clearfix\">\r\n                                                                                                    <\/div>\r\n                                                                                    <\/div>\r\n                                                \r\n                                            <div class=\"ttp-secondary-content\">\r\n                                                                                            <\/div>\r\n                                                                                                                                                            <\/div>\r\n                                                                                            <\/div>\r\n                                                        <div class=\"ttp-inner-whole-wrapper\" style=\"padding:0px 10px;\">        \r\n                                                                    <div class=\"ttp-grid-thumb-wrapper\">\r\n                                        <div class=\"ttp-primary-content\">   \r\n                                                                                            <div class=\"content-wrapper\" id=\"arrow-2\">  \r\n                                                    <div class=\"ttp-grid-image\">\r\n                                                                                                                                                                            <img src='http:\/\/www.asalfa.org.ar\/web\/wp-content\/uploads\/2022\/03\/Lilia_Sesta2-129x150.jpg' alt=\"Fga. Lilia Sesta\" \/>\r\n                                                            <span data-id=\"1152\" data-disp-type=\"popup\" data-disp-pos=\"center\" class=\"ttp-expand-popup-click ttp-expand-popup-click-action\"><i class=\"fa fa-search\"><\/i><\/span>      \r\n                                                                                                                                                                    <\/div>\r\n                                                <\/div>\r\n                                                                                                    <span class = \"ttp-thumb-position\">\r\n                                                        Tesorera                                                    <\/span>\r\n                                                    <span data-id=\"1152\" data-disp-type=\"popup\" data-disp-pos=\"center\" class=\"ttp-expand-popup-click-action ttp-content-header\">Fga. Lilia Sesta<\/span>                                                <div class=\"ttp-thumb-social-link clearfix\">\r\n                                                                                                    <\/div>\r\n                                                                                    <\/div>\r\n                                                \r\n                                            <div class=\"ttp-secondary-content\">\r\n                                                                                            <\/div>\r\n                                                                                                                                                            <\/div>\r\n                                                                                            <\/div>\r\n                                                        <div class=\"ttp-inner-whole-wrapper\" style=\"padding:0px 10px;\">        \r\n                                                                    <div class=\"ttp-grid-thumb-wrapper\">\r\n                                        <div class=\"ttp-primary-content\">   \r\n                                                                                            <div class=\"content-wrapper\" id=\"arrow-3\">  \r\n                                                    <div class=\"ttp-grid-image\">\r\n                                                                                                                                                                            <img src='http:\/\/www.asalfa.org.ar\/web\/wp-content\/uploads\/2022\/03\/Valeria_Ton2-150x150.jpg' alt=\"Dra. Valeria Ton\" \/>\r\n                                                            <span data-id=\"1160\" data-disp-type=\"popup\" data-disp-pos=\"center\" class=\"ttp-expand-popup-click ttp-expand-popup-click-action\"><i class=\"fa fa-search\"><\/i><\/span>      \r\n                                                                                                                                                                    <\/div>\r\n                                                <\/div>\r\n                                                                                                    <span class = \"ttp-thumb-position\">\r\n                                                        Pro Tesorera                                                    <\/span>\r\n                                                    <span data-id=\"1160\" data-disp-type=\"popup\" data-disp-pos=\"center\" class=\"ttp-expand-popup-click-action ttp-content-header\">Dra. Valeria Ton<\/span>                                                <div class=\"ttp-thumb-social-link clearfix\">\r\n                                                                                                    <\/div>\r\n                                                                                    <\/div>\r\n                                                \r\n                                            <div class=\"ttp-secondary-content\">\r\n                                                                                            <\/div>\r\n                                                                                                                                                            <\/div>\r\n                                                                                            <\/div>\r\n                                                        <\/div>\r\n                            <div id=\"team-infos-block\" class=\"team-info-block clearfix\" style=\"display: none; clear:both;\"><\/div>\r\n                        <\/div>\r\n                                                <div class=\"grid-row-wrapper\">\r\n                            <div class=\"grid-row-wrapper-inner clearfix\">\r\n                                                            <div class=\"ttp-inner-whole-wrapper\" style=\"padding:0px 10px;\">        \r\n                                                                    <div class=\"ttp-grid-thumb-wrapper\">\r\n                                        <div class=\"ttp-primary-content\">   \r\n                                                                                            <div class=\"content-wrapper\" id=\"arrow-1\">  \r\n                                                    <div class=\"ttp-grid-image\">\r\n                                                                                                                                                                            <img src='http:\/\/www.asalfa.org.ar\/web\/wp-content\/uploads\/2022\/03\/Laura_Alvarez2-150x150.jpg' alt=\"Dra. Laura \u00c1lvarez\" \/>\r\n                                                            <span data-id=\"1161\" data-disp-type=\"popup\" data-disp-pos=\"center\" class=\"ttp-expand-popup-click ttp-expand-popup-click-action\"><i class=\"fa fa-search\"><\/i><\/span>      \r\n                                                                                                                                                                    <\/div>\r\n                                                <\/div>\r\n                                                                                                    <span class = \"ttp-thumb-position\">\r\n                                                        Vocal 1\u00b0                                                    <\/span>\r\n                                                    <span data-id=\"1161\" data-disp-type=\"popup\" data-disp-pos=\"center\" class=\"ttp-expand-popup-click-action ttp-content-header\">Dra. Laura \u00c1lvarez<\/span>                                                <div class=\"ttp-thumb-social-link clearfix\">\r\n                                                                                                    <\/div>\r\n                                                                                    <\/div>\r\n                                                \r\n                                            <div class=\"ttp-secondary-content\">\r\n                                                                                            <\/div>\r\n                                                                                                                                                            <\/div>\r\n                                                                                            <\/div>\r\n                                                        <div class=\"ttp-inner-whole-wrapper\" style=\"padding:0px 10px;\">        \r\n                                                                    <div class=\"ttp-grid-thumb-wrapper\">\r\n                                        <div class=\"ttp-primary-content\">   \r\n                                                                                            <div class=\"content-wrapper\" id=\"arrow-2\">  \r\n                                                    <div class=\"ttp-grid-image\">\r\n                                                                                                                                                                            <img src='http:\/\/www.asalfa.org.ar\/web\/wp-content\/uploads\/2022\/03\/Patricia_Farias2-150x150.jpg' alt=\"Dra. Patricia Far\u00edas\" \/>\r\n                                                            <span data-id=\"1166\" data-disp-type=\"popup\" data-disp-pos=\"center\" class=\"ttp-expand-popup-click ttp-expand-popup-click-action\"><i class=\"fa fa-search\"><\/i><\/span>      \r\n                                                                                                                                                                    <\/div>\r\n                                                <\/div>\r\n                                                                                                    <span class = \"ttp-thumb-position\">\r\n                                                        Vocal 2\u00b0                                                    <\/span>\r\n                                                    <span data-id=\"1166\" data-disp-type=\"popup\" data-disp-pos=\"center\" class=\"ttp-expand-popup-click-action ttp-content-header\">Dra. Patricia Far\u00edas<\/span>                                                <div class=\"ttp-thumb-social-link clearfix\">\r\n                                                                                                    <\/div>\r\n                                                                                    <\/div>\r\n                                                \r\n                                            <div class=\"ttp-secondary-content\">\r\n                                                                                            <\/div>\r\n                                                                                                                                                            <\/div>\r\n                                                                                            <\/div>\r\n                                                        <div class=\"ttp-inner-whole-wrapper\" style=\"padding:0px 10px;\">        \r\n                                                                    <div class=\"ttp-grid-thumb-wrapper\">\r\n                                        <div class=\"ttp-primary-content\">   \r\n                                                                                            <div class=\"content-wrapper\" id=\"arrow-3\">  \r\n                                                    <div class=\"ttp-grid-image\">\r\n                                                                                                                                                                            <img src='http:\/\/www.asalfa.org.ar\/web\/wp-content\/uploads\/2024\/01\/Bampa-150x150.jpg' alt=\"Lic. Susana Haydee Bampa\" \/>\r\n                                                            <span data-id=\"2479\" data-disp-type=\"popup\" data-disp-pos=\"center\" class=\"ttp-expand-popup-click ttp-expand-popup-click-action\"><i class=\"fa fa-search\"><\/i><\/span>      \r\n                                                                                                                                                                    <\/div>\r\n                                                <\/div>\r\n                                                                                                    <span class = \"ttp-thumb-position\">\r\n                                                        Vocal 3\u00b0                                                    <\/span>\r\n                                                    <span data-id=\"2479\" data-disp-type=\"popup\" data-disp-pos=\"center\" class=\"ttp-expand-popup-click-action ttp-content-header\">Lic. Susana Haydee Bampa<\/span>                                                <div class=\"ttp-thumb-social-link clearfix\">\r\n                                                                                                    <\/div>\r\n                                                                                    <\/div>\r\n                                                \r\n                                            <div class=\"ttp-secondary-content\">\r\n                                                                                            <\/div>\r\n                                                                                                                                                            <\/div>\r\n                                                                                            <\/div>\r\n                                                        <\/div>\r\n                            <div id=\"team-infos-block\" class=\"team-info-block clearfix\" style=\"display: none; clear:both;\"><\/div>\r\n                        <\/div>\r\n                                                <div class=\"grid-row-wrapper\">\r\n                            <div class=\"grid-row-wrapper-inner clearfix\">\r\n                                                            <div class=\"ttp-inner-whole-wrapper\" style=\"padding:0px 10px;\">        \r\n                                                                    <div class=\"ttp-grid-thumb-wrapper\">\r\n                                        <div class=\"ttp-primary-content\">   \r\n                                                                                            <div class=\"content-wrapper\" id=\"arrow-1\">  \r\n                                                    <div class=\"ttp-grid-image\">\r\n                                                                                                                                                                            <img src='http:\/\/www.asalfa.org.ar\/web\/wp-content\/uploads\/2022\/03\/Elorza2-150x150.jpg' alt=\"Lic. Patricia Elorza\" \/>\r\n                                                            <span data-id=\"1168\" data-disp-type=\"popup\" data-disp-pos=\"center\" class=\"ttp-expand-popup-click ttp-expand-popup-click-action\"><i class=\"fa fa-search\"><\/i><\/span>      \r\n                                                                                                                                                                    <\/div>\r\n                                                <\/div>\r\n                                                                                                    <span class = \"ttp-thumb-position\">\r\n                                                        Revisora de Cuentas Titular                                                    <\/span>\r\n                                                    <span data-id=\"1168\" data-disp-type=\"popup\" data-disp-pos=\"center\" class=\"ttp-expand-popup-click-action ttp-content-header\">Lic. Patricia Elorza<\/span>                                                <div class=\"ttp-thumb-social-link clearfix\">\r\n                                                                                                    <\/div>\r\n                                                                                    <\/div>\r\n                                                \r\n                                            <div class=\"ttp-secondary-content\">\r\n                                                                                            <\/div>\r\n                                                                                                                                                            <\/div>\r\n                                                                                            <\/div>\r\n                                                        <div class=\"ttp-inner-whole-wrapper\" style=\"padding:0px 10px;\">        \r\n                                                                    <div class=\"ttp-grid-thumb-wrapper\">\r\n                                        <div class=\"ttp-primary-content\">   \r\n                                                                                            <div class=\"content-wrapper\" id=\"arrow-2\">  \r\n                                                    <div class=\"ttp-grid-image\">\r\n                                                                                                                                                                            <img src='http:\/\/www.asalfa.org.ar\/web\/wp-content\/uploads\/2022\/03\/Chesler-150x150.jpg' alt=\"Lic. D\u00e9bora Chesler\" \/>\r\n                                                            <span data-id=\"1167\" data-disp-type=\"popup\" data-disp-pos=\"center\" class=\"ttp-expand-popup-click ttp-expand-popup-click-action\"><i class=\"fa fa-search\"><\/i><\/span>      \r\n                                                                                                                                                                    <\/div>\r\n                                                <\/div>\r\n                                                                                                    <span class = \"ttp-thumb-position\">\r\n                                                        Revisora de Cuentas Titular                                                    <\/span>\r\n                                                    <span data-id=\"1167\" data-disp-type=\"popup\" data-disp-pos=\"center\" class=\"ttp-expand-popup-click-action ttp-content-header\">Lic. D\u00e9bora Chesler<\/span>                                                <div class=\"ttp-thumb-social-link clearfix\">\r\n                                                                                                    <\/div>\r\n                                                                                    <\/div>\r\n                                                \r\n                                            <div class=\"ttp-secondary-content\">\r\n                                                                                            <\/div>\r\n                                                                                                                                                            <\/div>\r\n                                                                                            <\/div>\r\n                                                        <div class=\"ttp-inner-whole-wrapper\" style=\"padding:0px 10px;\">        \r\n                                                                    <div class=\"ttp-grid-thumb-wrapper\">\r\n                                        <div class=\"ttp-primary-content\">   \r\n                                                                                            <div class=\"content-wrapper\" id=\"arrow-3\">  \r\n                                                    <div class=\"ttp-grid-image\">\r\n                                                                                                                                                                            <img src='http:\/\/www.asalfa.org.ar\/web\/wp-content\/uploads\/2022\/03\/Foto_Vaccari-150x150.jpeg' alt=\"Lic. Mar\u00eda Elena Vaccari\" \/>\r\n                                                            <span data-id=\"1172\" data-disp-type=\"popup\" data-disp-pos=\"center\" class=\"ttp-expand-popup-click ttp-expand-popup-click-action\"><i class=\"fa fa-search\"><\/i><\/span>      \r\n                                                                                                                                                                    <\/div>\r\n                                                <\/div>\r\n                                                                                                    <span class = \"ttp-thumb-position\">\r\n                                                        Revisora de Cuentas Suplente                                                    <\/span>\r\n                                                    <span data-id=\"1172\" data-disp-type=\"popup\" data-disp-pos=\"center\" class=\"ttp-expand-popup-click-action ttp-content-header\">Lic. Mar\u00eda Elena Vaccari<\/span>                                                <div class=\"ttp-thumb-social-link clearfix\">\r\n                                                                                                    <\/div>\r\n                                                                                    <\/div>\r\n                                                \r\n                                            <div class=\"ttp-secondary-content\">\r\n                                                                                            <\/div>\r\n                                                                                                                                                            <\/div>\r\n                                                                                            <\/div>\r\n                                                        <\/div>\r\n                            <div id=\"team-infos-block\" class=\"team-info-block clearfix\" style=\"display: none; clear:both;\"><\/div>\r\n                        <\/div>\r\n                                                <div class=\"grid-row-wrapper\">\r\n                            <div class=\"grid-row-wrapper-inner clearfix\">\r\n                                                            <div class=\"ttp-inner-whole-wrapper\" style=\"padding:0px 10px;\">        \r\n                                                                    <div class=\"ttp-grid-thumb-wrapper\">\r\n                                        <div class=\"ttp-primary-content\">   \r\n                                                                                            <div class=\"content-wrapper\" id=\"arrow-1\">  \r\n                                                    <div class=\"ttp-grid-image\">\r\n                                                                                                                                                                            <img src='http:\/\/www.asalfa.org.ar\/web\/wp-content\/uploads\/2024\/01\/Adamowsky-121x150.jpg' alt=\"Dra. Nora Beatriz Adamowsky\" \/>\r\n                                                            <span data-id=\"2482\" data-disp-type=\"popup\" data-disp-pos=\"center\" class=\"ttp-expand-popup-click ttp-expand-popup-click-action\"><i class=\"fa fa-search\"><\/i><\/span>      \r\n                                                                                                                                                                    <\/div>\r\n                                                <\/div>\r\n                                                                                                    <span class = \"ttp-thumb-position\">\r\n                                                        Revisora de cuentas suplente                                                    <\/span>\r\n                                                    <span data-id=\"2482\" data-disp-type=\"popup\" data-disp-pos=\"center\" class=\"ttp-expand-popup-click-action ttp-content-header\">Dra. Nora Beatriz Adamowsky<\/span>                                                <div class=\"ttp-thumb-social-link clearfix\">\r\n                                                                                                    <\/div>\r\n                                                                                    <\/div>\r\n                                                \r\n                                            <div class=\"ttp-secondary-content\">\r\n                                                                                            <\/div>\r\n                                                                                                                                                            <\/div>\r\n                                                                                            <\/div>\r\n                                                        <div class=\"ttp-inner-whole-wrapper\" style=\"padding:0px 10px;\">        \r\n                                                                    <div class=\"ttp-grid-thumb-wrapper\">\r\n                                        <div class=\"ttp-primary-content\">   \r\n                                                                                            <div class=\"content-wrapper\" id=\"arrow-2\">  \r\n                                                    <div class=\"ttp-grid-image\">\r\n                                                                                                                                                                            <img src='http:\/\/www.asalfa.org.ar\/web\/wp-content\/uploads\/2022\/03\/SIGAL_Foto-150x150.jpg' alt=\"Dra. Liliana Sigal\" \/>\r\n                                                            <span data-id=\"1180\" data-disp-type=\"popup\" data-disp-pos=\"center\" class=\"ttp-expand-popup-click ttp-expand-popup-click-action\"><i class=\"fa fa-search\"><\/i><\/span>      \r\n                                                                                                                                                                    <\/div>\r\n                                                <\/div>\r\n                                                                                                    <span class = \"ttp-thumb-position\">\r\n                                                        Comit\u00e9 de \u00c9tica                                                    <\/span>\r\n                                                    <span data-id=\"1180\" data-disp-type=\"popup\" data-disp-pos=\"center\" class=\"ttp-expand-popup-click-action ttp-content-header\">Dra. Liliana Sigal<\/span>                                                <div class=\"ttp-thumb-social-link clearfix\">\r\n                                                                                                    <\/div>\r\n                                                                                    <\/div>\r\n                                                \r\n                                            <div class=\"ttp-secondary-content\">\r\n                                                                                            <\/div>\r\n                                                                                                                                                            <\/div>\r\n                                                                                            <\/div>\r\n                                                        <div class=\"ttp-inner-whole-wrapper\" style=\"padding:0px 10px;\">        \r\n                                                                    <div class=\"ttp-grid-thumb-wrapper\">\r\n                                        <div class=\"ttp-primary-content\">   \r\n                                                                                            <div class=\"content-wrapper\" id=\"arrow-3\">  \r\n                                                    <div class=\"ttp-grid-image\">\r\n                                                                                                                                                                            <img src='http:\/\/www.asalfa.org.ar\/web\/wp-content\/uploads\/2024\/01\/Haller2-149x150.jpg' alt=\"Dra. Liliana Haller\" \/>\r\n                                                            <span data-id=\"2474\" data-disp-type=\"popup\" data-disp-pos=\"center\" class=\"ttp-expand-popup-click ttp-expand-popup-click-action\"><i class=\"fa fa-search\"><\/i><\/span>      \r\n                                                                                                                                                                    <\/div>\r\n                                                <\/div>\r\n                                                                                                    <span class = \"ttp-thumb-position\">\r\n                                                        Comit\u00e9 de \u00e9tica                                                    <\/span>\r\n                                                    <span data-id=\"2474\" data-disp-type=\"popup\" data-disp-pos=\"center\" class=\"ttp-expand-popup-click-action ttp-content-header\">Dra. Liliana Haller<\/span>                                                <div class=\"ttp-thumb-social-link clearfix\">\r\n                                                                                                    <\/div>\r\n                                                                                    <\/div>\r\n                                                \r\n                                            <div class=\"ttp-secondary-content\">\r\n                                                                                            <\/div>\r\n                                                                                                                                                            <\/div>\r\n                                                                                            <\/div>\r\n                                                        <\/div>\r\n                            <div id=\"team-infos-block\" class=\"team-info-block clearfix\" style=\"display: none; clear:both;\"><\/div>\r\n                        <\/div>\r\n                                                <div class=\"grid-row-wrapper\">\r\n                            <div class=\"grid-row-wrapper-inner clearfix\">\r\n                                                            <div class=\"ttp-inner-whole-wrapper\" style=\"padding:0px 10px;\">        \r\n                                                                    <div class=\"ttp-grid-thumb-wrapper\">\r\n                                        <div class=\"ttp-primary-content\">   \r\n                                                                                            <div class=\"content-wrapper\" id=\"arrow-1\">  \r\n                                                    <div class=\"ttp-grid-image\">\r\n                                                                                                                                                                            <img src='http:\/\/www.asalfa.org.ar\/web\/wp-content\/uploads\/2024\/01\/Olloquiegui_Ines2-142x150.jpg' alt=\"Lic. In\u00e9s Elena Olloquiegui\" \/>\r\n                                                            <span data-id=\"2480\" data-disp-type=\"popup\" data-disp-pos=\"center\" class=\"ttp-expand-popup-click ttp-expand-popup-click-action\"><i class=\"fa fa-search\"><\/i><\/span>      \r\n                                                                                                                                                                    <\/div>\r\n                                                <\/div>\r\n                                                                                                    <span class = \"ttp-thumb-position\">\r\n                                                        Comit\u00e9 de \u00e9tica                                                    <\/span>\r\n                                                    <span data-id=\"2480\" data-disp-type=\"popup\" data-disp-pos=\"center\" class=\"ttp-expand-popup-click-action ttp-content-header\">Lic. In\u00e9s Elena Olloquiegui<\/span>                                                <div class=\"ttp-thumb-social-link clearfix\">\r\n                                                                                                    <\/div>\r\n                                                                                    <\/div>\r\n                                                \r\n                                            <div class=\"ttp-secondary-content\">\r\n                                                                                            <\/div>\r\n                                                                                                                                                            <\/div>\r\n                                                                                            <\/div>\r\n                                                        <div class=\"ttp-inner-whole-wrapper\" style=\"padding:0px 10px;\">        \r\n                                                                    <div class=\"ttp-grid-thumb-wrapper\">\r\n                                        <div class=\"ttp-primary-content\">   \r\n                                                                                            <div class=\"content-wrapper\" id=\"arrow-2\">  \r\n                                                    <div class=\"ttp-grid-image\">\r\n                                                                                                                                                                            <img src='http:\/\/www.asalfa.org.ar\/web\/wp-content\/uploads\/2026\/01\/Lic.-Sandra-Graizer-150x150.jpeg' alt=\"Lic. Sandra Graizer\" \/>\r\n                                                            <span data-id=\"2811\" data-disp-type=\"popup\" data-disp-pos=\"center\" class=\"ttp-expand-popup-click ttp-expand-popup-click-action\"><i class=\"fa fa-search\"><\/i><\/span>      \r\n                                                                                                                                                                    <\/div>\r\n                                                <\/div>\r\n                                                                                                    <span class = \"ttp-thumb-position\">\r\n                                                        Comit\u00e9 de \u00c9tica                                                    <\/span>\r\n                                                    <span data-id=\"2811\" data-disp-type=\"popup\" data-disp-pos=\"center\" class=\"ttp-expand-popup-click-action ttp-content-header\">Lic. Sandra Graizer<\/span>                                                <div class=\"ttp-thumb-social-link clearfix\">\r\n                                                                                                    <\/div>\r\n                                                                                    <\/div>\r\n                                                \r\n                                            <div class=\"ttp-secondary-content\">\r\n                                                                                            <\/div>\r\n                                                                                                                                                            <\/div>\r\n                                                                                            <\/div>\r\n                                                        <div class=\"ttp-inner-whole-wrapper\" style=\"padding:0px 10px;\">        \r\n                                                                    <div class=\"ttp-grid-thumb-wrapper\">\r\n                                        <div class=\"ttp-primary-content\">   \r\n                                                                                            <div class=\"content-wrapper\" id=\"arrow-3\">  \r\n                                                    <div class=\"ttp-grid-image\">\r\n                                                                                                                                                                            <img src='http:\/\/www.asalfa.org.ar\/web\/wp-content\/uploads\/2026\/01\/Foto-Zubizarreta-150x150.jpg' alt=\"Fga. Alicia Zubizarreta\" \/>\r\n                                                            <span data-id=\"2815\" data-disp-type=\"popup\" data-disp-pos=\"center\" class=\"ttp-expand-popup-click ttp-expand-popup-click-action\"><i class=\"fa fa-search\"><\/i><\/span>      \r\n                                                                                                                                                                    <\/div>\r\n                                                <\/div>\r\n                                                                                                    <span class = \"ttp-thumb-position\">\r\n                                                        Comit\u00e9 de \u00c9tica                                                    <\/span>\r\n                                                    <span data-id=\"2815\" data-disp-type=\"popup\" data-disp-pos=\"center\" class=\"ttp-expand-popup-click-action ttp-content-header\">Fga. Alicia Zubizarreta<\/span>                                                <div class=\"ttp-thumb-social-link clearfix\">\r\n                                                                                                    <\/div>\r\n                                                                                    <\/div>\r\n                                                \r\n                                            <div class=\"ttp-secondary-content\">\r\n                                                                                            <\/div>\r\n                                                                                                                                                            <\/div>\r\n                                                                                            <\/div>\r\n                                                        <\/div>\r\n                            <div id=\"team-infos-block\" class=\"team-info-block clearfix\" style=\"display: none; clear:both;\"><\/div>\r\n                        <\/div>\r\n                                <\/div>\r\n                <div class=\"ttp-team-inner-hidden ttp-grid-layout-popup ttp-popup-content-center\" id=\"ttp-inner-content-2815\" style='display:none'>        \r\n            <span data-id=\"2815\" data-disp-type=\"popup\"class=\"ttp-additional-detail-close\"><\/span>                <div class=\"ttp-popup-content-fix-wrap\">\r\n                                            <span class=\"ttp-thumb-image\">\r\n                            <img src='http:\/\/www.asalfa.org.ar\/web\/wp-content\/uploads\/2026\/01\/Foto-Zubizarreta-700x700.jpg' alt=\"Fga. Alicia Zubizarreta\" \/>\r\n                        <\/span>\r\n                                                <div class=\"ttp-content-header\">\r\n                            Fga. Alicia Zubizarreta                        <\/div>\r\n                                                <span class=\"ttp-thumb-position\">\r\n                            Comit\u00e9 de \u00c9tica                        <\/span>\r\n                                            <div class=\"ttp-thumb-social-link clearfix\">\r\n                                            <\/div>\r\n                <\/div>\r\n                <div class=\"ttp-team-member-content\">\r\n                    <p>Fonoaudi\u00f3loga.<\/p>\n<p>Maestra de la Audiolog\u00eda Argentina (IOA, 1986), Reconocimiento a la trayectoria (ASALFA, 1989), Labor encomiable en la<br \/>\nFonoaudiolog\u00eda (ASALFA, 2000), Compromiso con la Audiolog\u00eda (Federaci\u00f3n Mexicana de ORL, 2002). En el a\u00f1o 2013 ASALFA volvi\u00f3 a distinguirla, en esta oportunidad otorg\u00e1ndole el t\u00edtulo de Maestra de la Fonoaudiolog\u00eda Argentina en el \u00c1rea de la Audiolog\u00eda, en m\u00e9rito a sus aportes y contribuciones invalorables en esta \u00e1rea.<\/p>\n<p>Desde 1980 y durante 20 a\u00f1os, colabor\u00f3 en ASALFA desde todos los estratos societarios y en la codirecci\u00f3n de la revista FONOAUDIOLOGICA.<\/p>\n<p>Siendo Coordinadora del Curso de Fonoaudiolog\u00eda de la II C\u00e1tedra de ORL de la UBA, logr\u00f3 incorporar la materia Terap\u00e9utica Audiol\u00f3gica, separ\u00e1ndola de Audiometr\u00eda, y se inici\u00f3 as\u00ed la especialidad audi\u00f3logo y audioprotesista.<br \/>\nEn 1984 se desempe\u00f1\u00f3 como asesora de la II c\u00e1tedra de ORL para la creaci\u00f3n de la Licenciatura en Fonoaudiolog\u00eda. Y en 1991, como Asesora del Consejo del Rectorado de UMSA, tambi\u00e9n dedic\u00f3 su esfuerzo a ampliar el \u00e1rea audiol\u00f3gica.<\/p>\n                <\/div>\r\n                    <\/div>\r\n                <div class=\"ttp-team-inner-hidden ttp-grid-layout-popup ttp-popup-content-center\" id=\"ttp-inner-content-2811\" style='display:none'>        \r\n            <span data-id=\"2811\" data-disp-type=\"popup\"class=\"ttp-additional-detail-close\"><\/span>                <div class=\"ttp-popup-content-fix-wrap\">\r\n                                            <span class=\"ttp-thumb-image\">\r\n                            <img src='http:\/\/www.asalfa.org.ar\/web\/wp-content\/uploads\/2026\/01\/Lic.-Sandra-Graizer.jpeg' alt=\"Lic. Sandra Graizer\" \/>\r\n                        <\/span>\r\n                                                <div class=\"ttp-content-header\">\r\n                            Lic. Sandra Graizer                        <\/div>\r\n                                                <span class=\"ttp-thumb-position\">\r\n                            Comit\u00e9 de \u00c9tica                        <\/span>\r\n                                            <div class=\"ttp-thumb-social-link clearfix\">\r\n                                            <\/div>\r\n                <\/div>\r\n                <div class=\"ttp-team-member-content\">\r\n                    <p>Lic. en Fonoaudiolog\u00eda (UMSA).<\/p>\n<p>Jefa de Secci\u00f3n \u201cAudiolog\u00eda\u201d del Departamento de Fonoaudiolog\u00eda \u2013 Htal. de Rehabilitaci\u00f3n \u201cManuel Rocca\u201d. Coordinadora de la Red de Fonoaudiolog\u00eda CABA. Coordinadora Programa de Tamizaje Auditivo Universal (PROTAUN). Referente CABA ante Programa Detecci\u00f3n Temprana de la Hipoacusia de Naci\u00f3n. Adjunta C\u00e1tedras Audiolog\u00eda Infantil y Audiolog\u00eda II de la Carrera de Fonoaudiolog\u00eda de la Universidad del Museo Social Argentino.<\/p>\n                <\/div>\r\n                    <\/div>\r\n                <div class=\"ttp-team-inner-hidden ttp-grid-layout-popup ttp-popup-content-center\" id=\"ttp-inner-content-2480\" style='display:none'>        \r\n            <span data-id=\"2480\" data-disp-type=\"popup\"class=\"ttp-additional-detail-close\"><\/span>                <div class=\"ttp-popup-content-fix-wrap\">\r\n                                            <span class=\"ttp-thumb-image\">\r\n                            <img src='http:\/\/www.asalfa.org.ar\/web\/wp-content\/uploads\/2024\/01\/Olloquiegui_Ines2.jpg' alt=\"Lic. In\u00e9s Elena Olloquiegui\" \/>\r\n                        <\/span>\r\n                                                <div class=\"ttp-content-header\">\r\n                            Lic. In\u00e9s Elena Olloquiegui                        <\/div>\r\n                                                <span class=\"ttp-thumb-position\">\r\n                            Comit\u00e9 de \u00e9tica                        <\/span>\r\n                                            <div class=\"ttp-thumb-social-link clearfix\">\r\n                                            <\/div>\r\n                <\/div>\r\n                <div class=\"ttp-team-member-content\">\r\n                    <p>Ejerce la profesi\u00f3n en Gualeguaych\u00fa Entre R\u00edos desde hace m\u00e1s de 40 a\u00f1os. Integra el Consejo Directivo del COFER Colegio de Fonoaudi\u00f3logos de Entre R\u00edos ocupando en sucesivas gestiones la Secretar\u00eda de Asuntos Gremiales y Legales. Como delegada de Entre Rios es la Presidente de FACAF Federaci\u00f3n Argentina de Colegios y Asociaciones de Fonoaudi\u00f3logos. Es profesora de la Asignatura \u00c9tica y Deontolog\u00eda en la Lic. en Fonoaudiolog\u00eda de la Universidad Cuenca del Plata Sede Corrientes.<\/p>\n                <\/div>\r\n                    <\/div>\r\n                <div class=\"ttp-team-inner-hidden ttp-grid-layout-popup ttp-popup-content-center\" id=\"ttp-inner-content-2474\" style='display:none'>        \r\n            <span data-id=\"2474\" data-disp-type=\"popup\"class=\"ttp-additional-detail-close\"><\/span>                <div class=\"ttp-popup-content-fix-wrap\">\r\n                                            <span class=\"ttp-thumb-image\">\r\n                            <img src='http:\/\/www.asalfa.org.ar\/web\/wp-content\/uploads\/2024\/01\/Haller2.jpg' alt=\"Dra. Liliana Haller\" \/>\r\n                        <\/span>\r\n                                                <div class=\"ttp-content-header\">\r\n                            Dra. Liliana Haller                        <\/div>\r\n                                                <span class=\"ttp-thumb-position\">\r\n                            Comit\u00e9 de \u00e9tica                        <\/span>\r\n                                            <div class=\"ttp-thumb-social-link clearfix\">\r\n                                            <\/div>\r\n                <\/div>\r\n                <div class=\"ttp-team-member-content\">\r\n                    <p>Dra. en Fonoaudiolog\u00eda. Jefa Unidad Terapia del Lenguaje del Hospital de Rehabilitaci\u00f3n Manuel Rocca GCABA. Co-Coordinadora de la Red de Fonoaudiolog\u00eda CABA. Profesora Regular Asociada UBA Profesora Titular Doctorado en Fonoaudiolog\u00eda UMSA. Ex Presidenta ASALFA<\/p>\n                <\/div>\r\n                    <\/div>\r\n                <div class=\"ttp-team-inner-hidden ttp-grid-layout-popup ttp-popup-content-center\" id=\"ttp-inner-content-1180\" style='display:none'>        \r\n            <span data-id=\"1180\" data-disp-type=\"popup\"class=\"ttp-additional-detail-close\"><\/span>                <div class=\"ttp-popup-content-fix-wrap\">\r\n                                            <span class=\"ttp-thumb-image\">\r\n                            <img src='http:\/\/www.asalfa.org.ar\/web\/wp-content\/uploads\/2022\/03\/SIGAL_Foto-700x700.jpg' alt=\"Dra. Liliana Sigal\" \/>\r\n                        <\/span>\r\n                                                <div class=\"ttp-content-header\">\r\n                            Dra. Liliana Sigal                        <\/div>\r\n                                                <span class=\"ttp-thumb-position\">\r\n                            Comit\u00e9 de \u00c9tica                        <\/span>\r\n                                            <div class=\"ttp-thumb-social-link clearfix\">\r\n                                            <\/div>\r\n                <\/div>\r\n                <div class=\"ttp-team-member-content\">\r\n                    <p>Doctora en Fonoaudiolog\u00eda UBA<\/p>\n<p>Ex Jefa a cargo de la Secci\u00f3n Fonoaudiolog\u00eda, Divisi\u00f3n ORL, Hospital de Cl\u00ednicas \u201cJos\u00e9 de San Mart\u00edn\u201d (2017-2018).<\/p>\n<p>Ex Fonoaudi\u00f3loga de planta, Divisi\u00f3n ORL, Hospital de Cl\u00ednicas \u201cJos\u00e9 de San Mart\u00edn\u201d (1977-2018)<\/p>\n<p>Prof. Titular Regular de la materia \u201cTerap\u00e9utica Vocal\u201d, Carrera de Licenciatura en Fonoaudiolog\u00eda, Facultad de Medicina, UBA (2014 a 2022)<\/p>\n<p>Prof. de la materia \u201cPerspectiva Anal\u00edtica de Enfoques en Terapia Vocal\u201d, Doctorado en Fonoaudiolog\u00eda, UMSA (2019 a la fecha).<\/p>\n<p>Prof. de la materia \u201cActualizaci\u00f3n en Voz\u201d, Licenciatura en Fonoaudiolog\u00eda, Facultad de Ciencias M\u00e9dicas de la Universidad Nacional de La Plata (2006 a 2014).<\/p>\n<p>Prof. Titular de Educaci\u00f3n Vocal, \u201cCurso de Formaci\u00f3n del Actor para la actuaci\u00f3n en Espacios Abiertos\u201d.<\/p>\n<p>Escuela Metropolitana de Arte Dram\u00e1tico (EMAD).<\/p>\n<p>Miembro fundador de la Sociedad Argentina de la Voz<\/p>\n                <\/div>\r\n                    <\/div>\r\n                <div class=\"ttp-team-inner-hidden ttp-grid-layout-popup ttp-popup-content-center\" id=\"ttp-inner-content-2482\" style='display:none'>        \r\n            <span data-id=\"2482\" data-disp-type=\"popup\"class=\"ttp-additional-detail-close\"><\/span>                <div class=\"ttp-popup-content-fix-wrap\">\r\n                                            <span class=\"ttp-thumb-image\">\r\n                            <img src='http:\/\/www.asalfa.org.ar\/web\/wp-content\/uploads\/2024\/01\/Adamowsky.jpg' alt=\"Dra. Nora Beatriz Adamowsky\" \/>\r\n                        <\/span>\r\n                                                <div class=\"ttp-content-header\">\r\n                            Dra. Nora Beatriz Adamowsky                        <\/div>\r\n                                                <span class=\"ttp-thumb-position\">\r\n                            Revisora de cuentas suplente                        <\/span>\r\n                                            <div class=\"ttp-thumb-social-link clearfix\">\r\n                                            <\/div>\r\n                <\/div>\r\n                <div class=\"ttp-team-member-content\">\r\n                    <p>Dra. en Fonoaudiolog\u00eda.<br \/>\nEx-Vicepresidente de la AAOFP.<br \/>\nEx Miembro Integrante del Equipo de Dolor y\/Disfunci\u00f3n Temporomandibular de la Facultad de Odontolog\u00eda UBA.<br \/>\nAsesora y Jurado de Tesis del Doctorado de Fonoaudiolog\u00eda de UMSA.<br \/>\nDistante de Cursos en la Sociedad Argentina de Ortodoncia y en la Asociaci\u00f3n Argentina de Odontolog\u00eda.<br \/>\nAutora del libro &#8221; Foniatr\u00eda sin Ejercicios.<br \/>\nConciencia Propioceptiva-Propiocepci\u00f3n Consciente&#8221;<br \/>\nConsultora.<\/p>\n                <\/div>\r\n                    <\/div>\r\n                <div class=\"ttp-team-inner-hidden ttp-grid-layout-popup ttp-popup-content-center\" id=\"ttp-inner-content-1172\" style='display:none'>        \r\n            <span data-id=\"1172\" data-disp-type=\"popup\"class=\"ttp-additional-detail-close\"><\/span>                <div class=\"ttp-popup-content-fix-wrap\">\r\n                                            <span class=\"ttp-thumb-image\">\r\n                            <img src='http:\/\/www.asalfa.org.ar\/web\/wp-content\/uploads\/2022\/03\/Foto_Vaccari.jpeg' alt=\"Lic. Mar\u00eda Elena Vaccari\" \/>\r\n                        <\/span>\r\n                                                <div class=\"ttp-content-header\">\r\n                            Lic. Mar\u00eda Elena Vaccari                        <\/div>\r\n                                                <span class=\"ttp-thumb-position\">\r\n                            Revisora de Cuentas Suplente                        <\/span>\r\n                                            <div class=\"ttp-thumb-social-link clearfix\">\r\n                                            <\/div>\r\n                <\/div>\r\n                <div class=\"ttp-team-member-content\">\r\n                    <p>Fonoaudi\u00f3loga especialista en voz hablada y cantada.<\/p>\n<p>Profesora Regular Asociada de la asignatura \u201cFonoaudiolog\u00eda Preventiva\u201d, UBA.<\/p>\n<p>Profesora Titular de la asignatura \u201cMetodolog\u00eda Cient\u00edfica\u201d, UMSA y UBA.<\/p>\n<p>Directora de Proyectos UBACYT en LIS-Hospital de Cl\u00ednicas, UBA.<\/p>\n<p>Maestr\u00eda en Administraci\u00f3n de Sistemas y Servicios de Salud, UBA.<\/p>\n<p>Vicepresidente de SAV (Sociedad Argentina de la Voz).<\/p>\n                <\/div>\r\n                    <\/div>\r\n                <div class=\"ttp-team-inner-hidden ttp-grid-layout-popup ttp-popup-content-center\" id=\"ttp-inner-content-1167\" style='display:none'>        \r\n            <span data-id=\"1167\" data-disp-type=\"popup\"class=\"ttp-additional-detail-close\"><\/span>                <div class=\"ttp-popup-content-fix-wrap\">\r\n                                            <span class=\"ttp-thumb-image\">\r\n                            <img src='http:\/\/www.asalfa.org.ar\/web\/wp-content\/uploads\/2022\/03\/Chesler.jpg' alt=\"Lic. D\u00e9bora Chesler\" \/>\r\n                        <\/span>\r\n                                                <div class=\"ttp-content-header\">\r\n                            Lic. D\u00e9bora Chesler                        <\/div>\r\n                                                <span class=\"ttp-thumb-position\">\r\n                            Revisora de Cuentas Titular                        <\/span>\r\n                                            <div class=\"ttp-thumb-social-link clearfix\">\r\n                                            <\/div>\r\n                <\/div>\r\n                <div class=\"ttp-team-member-content\">\r\n                    <p>Licenciada en Fonoaudiolog\u00eda.<\/p>\n<p>Profesora Universitaria, UBA.<\/p>\n<p>Fonoaudi\u00f3loga de planta del Hospital Gral. de Agudos \u201cDr. Teodoro \u00c1lvarez\u201d,\u00a0 Gobierno de la Ciudad Aut\u00f3noma de Buenos Aires.<\/p>\n<p>Profesora adjunta de las asignaturas \u201cEufon\u00eda\u201d y \u201cTerap\u00e9utica Vocal\u201d, Carrera de Licenciatura en Fonoaudiolog\u00eda, UMSA.<\/p>\n<p>Docente ayudante de 1ra de las asignaturas \u201cPatolog\u00eda del Lenguaje 1\u201d, y \u201cTerap\u00e9utica del Lenguaje 1\u201d, Carrera de Licenciatura en Fonoaudiolog\u00eda, UBA.<\/p>\n                <\/div>\r\n                    <\/div>\r\n                <div class=\"ttp-team-inner-hidden ttp-grid-layout-popup ttp-popup-content-center\" id=\"ttp-inner-content-1168\" style='display:none'>        \r\n            <span data-id=\"1168\" data-disp-type=\"popup\"class=\"ttp-additional-detail-close\"><\/span>                <div class=\"ttp-popup-content-fix-wrap\">\r\n                                            <span class=\"ttp-thumb-image\">\r\n                            <img src='http:\/\/www.asalfa.org.ar\/web\/wp-content\/uploads\/2022\/03\/Elorza2.jpg' alt=\"Lic. Patricia Elorza\" \/>\r\n                        <\/span>\r\n                                                <div class=\"ttp-content-header\">\r\n                            Lic. Patricia Elorza                        <\/div>\r\n                                                <span class=\"ttp-thumb-position\">\r\n                            Revisora de Cuentas Titular                        <\/span>\r\n                                            <div class=\"ttp-thumb-social-link clearfix\">\r\n                                            <\/div>\r\n                <\/div>\r\n                <div class=\"ttp-team-member-content\">\r\n                    <p>Fonoaudi\u00f3loga del Departamento de Fonoaudiolog\u00eda, Unidad Foniatr\u00eda del Htal. de Rehabilitaci\u00f3n \u201cManuel Rocca\u201d GCABA.\u00a0Coordinadora Local del Programa de Residencia de Fonoaudiolog\u00eda del Hospital de Rehabilitaci\u00f3n \u201cManuel Rocca\u201d.\u00a0Docente de la carrera de Licenciatura en Fonoaudiolog\u00eda Universidad del Salvador. Ex coordinadora y actual integrante del Comit\u00e9 de Gesti\u00f3n de Calidad del Htal. de Rehabilitaci\u00f3n \u201cManuel Rocca\u201d.<\/p>\n                <\/div>\r\n                    <\/div>\r\n                <div class=\"ttp-team-inner-hidden ttp-grid-layout-popup ttp-popup-content-center\" id=\"ttp-inner-content-2479\" style='display:none'>        \r\n            <span data-id=\"2479\" data-disp-type=\"popup\"class=\"ttp-additional-detail-close\"><\/span>                <div class=\"ttp-popup-content-fix-wrap\">\r\n                                            <span class=\"ttp-thumb-image\">\r\n                            <img src='http:\/\/www.asalfa.org.ar\/web\/wp-content\/uploads\/2024\/01\/Bampa.jpg' alt=\"Lic. Susana Haydee Bampa\" \/>\r\n                        <\/span>\r\n                                                <div class=\"ttp-content-header\">\r\n                            Lic. Susana Haydee Bampa                        <\/div>\r\n                                                <span class=\"ttp-thumb-position\">\r\n                            Vocal 3\u00b0                        <\/span>\r\n                                            <div class=\"ttp-thumb-social-link clearfix\">\r\n                                            <\/div>\r\n                <\/div>\r\n                <div class=\"ttp-team-member-content\">\r\n                    <p>Licenciada Fonoaudi\u00f3loga (UBA), con formaci\u00f3n en la Pr\u00e1ctica Psicomotriz. Docente Universitaria en la Carrera de Fonoaudiolog\u00eda UBA y USAL<\/p>\n                <\/div>\r\n                    <\/div>\r\n                <div class=\"ttp-team-inner-hidden ttp-grid-layout-popup ttp-popup-content-center\" id=\"ttp-inner-content-1166\" style='display:none'>        \r\n            <span data-id=\"1166\" data-disp-type=\"popup\"class=\"ttp-additional-detail-close\"><\/span>                <div class=\"ttp-popup-content-fix-wrap\">\r\n                                            <span class=\"ttp-thumb-image\">\r\n                            <img src='http:\/\/www.asalfa.org.ar\/web\/wp-content\/uploads\/2022\/03\/Patricia_Farias2.jpg' alt=\"Dra. Patricia Far\u00edas\" \/>\r\n                        <\/span>\r\n                                                <div class=\"ttp-content-header\">\r\n                            Dra. Patricia Far\u00edas                        <\/div>\r\n                                                <span class=\"ttp-thumb-position\">\r\n                            Vocal 2\u00b0                        <\/span>\r\n                                            <div class=\"ttp-thumb-social-link clearfix\">\r\n                                            <\/div>\r\n                <\/div>\r\n                <div class=\"ttp-team-member-content\">\r\n                    <p>Licenciada en Fg\u00eda (UBA), Doctora en Fg\u00eda (UMSA)<br \/>\nDocente adscripta de la UBA<br \/>\nDocente del &#8220;Diplomado de Habilitaci\u00f3n Vocal&#8221; de la Universidad del Desarrollo de Santiago de Chile<br \/>\nAsesora cient\u00edfica del \u00e1rea de Voz en la Revista Fonoaudiol\u00f3gica de ASALFA.<br \/>\nInvitada como integrante del Comit\u00e9 Cient\u00edfico de la Revista Aret\u00e9, revista de Fonoaudiolog\u00eda de Colombia.<br \/>\nParticipaci\u00f3n como coautora del libro &#8220;Otorrinolaringolog\u00eda y afecciones conexas&#8221; del Dr. Vicente Diamante, colaboraci\u00f3n en cap\u00edtulo de laringe, tema: &#8220;laboratorio de voz&#8221;, Editorial Ateneo, mayo de 2004.<br \/>\nAutora de libro \u201cEjercicios que restauran la funci\u00f3n vocal. Observaciones cl\u00ednicas\u201d Editorial Akadia, 2007.<br \/>\nAutora del libro \u201cLa disfon\u00eda ocupacional\u201d Ed. Akadia, 2012<br \/>\nSocia Fundadora (a\u00f1o 2009) e integrante del Comit\u00e9 Cient\u00edfico de la FIVCH, Fundaci\u00f3n Iberoamericana de Voz Hablada y Cantada<br \/>\nDisertante en m\u00faltiples cursos y Congresos en el \u00c1rea de Patolog\u00edas de la Voz<\/p>\n                <\/div>\r\n                    <\/div>\r\n                <div class=\"ttp-team-inner-hidden ttp-grid-layout-popup ttp-popup-content-center\" id=\"ttp-inner-content-1161\" style='display:none'>        \r\n            <span data-id=\"1161\" data-disp-type=\"popup\"class=\"ttp-additional-detail-close\"><\/span>                <div class=\"ttp-popup-content-fix-wrap\">\r\n                                            <span class=\"ttp-thumb-image\">\r\n                            <img src='http:\/\/www.asalfa.org.ar\/web\/wp-content\/uploads\/2022\/03\/Laura_Alvarez2.jpg' alt=\"Dra. Laura \u00c1lvarez\" \/>\r\n                        <\/span>\r\n                                                <div class=\"ttp-content-header\">\r\n                            Dra. Laura \u00c1lvarez                        <\/div>\r\n                                                <span class=\"ttp-thumb-position\">\r\n                            Vocal 1\u00b0                        <\/span>\r\n                                            <div class=\"ttp-thumb-social-link clearfix\">\r\n                                            <\/div>\r\n                <\/div>\r\n                <div class=\"ttp-team-member-content\">\r\n                    <p>Licenciada en Fonoaudiolog\u00eda, UBA.<\/p>\n<p>Fonoaudi\u00f3loga de planta del Hospital \u201cJos\u00e9 Mar\u00eda Penna\u201d, Gobierno de la Ciudad Aut\u00f3noma de Buenos Aires.<\/p>\n<p>Docente por concurso en la asignatura \u201cFonoaudiolog\u00eda Preventiva\u201d de la Facultad de Medicina, UBA.<\/p>\n                <\/div>\r\n                    <\/div>\r\n                <div class=\"ttp-team-inner-hidden ttp-grid-layout-popup ttp-popup-content-center\" id=\"ttp-inner-content-1160\" style='display:none'>        \r\n            <span data-id=\"1160\" data-disp-type=\"popup\"class=\"ttp-additional-detail-close\"><\/span>                <div class=\"ttp-popup-content-fix-wrap\">\r\n                                            <span class=\"ttp-thumb-image\">\r\n                            <img src='http:\/\/www.asalfa.org.ar\/web\/wp-content\/uploads\/2022\/03\/Valeria_Ton2.jpg' alt=\"Dra. Valeria Ton\" \/>\r\n                        <\/span>\r\n                                                <div class=\"ttp-content-header\">\r\n                            Dra. Valeria Ton                        <\/div>\r\n                                                <span class=\"ttp-thumb-position\">\r\n                            Pro Tesorera                        <\/span>\r\n                                            <div class=\"ttp-thumb-social-link clearfix\">\r\n                                            <\/div>\r\n                <\/div>\r\n                <div class=\"ttp-team-member-content\">\r\n                    <p>Doctora en Fonoaudiolog\u00eda, UMSA.<br \/>\nJefa del Servicio de Fonoaudiolog\u00eda Cl\u00ednica CIAREC (Neurorehabilitaci\u00f3n y Disfagia en pacientes sub-agudos), Ciudad Aut\u00f3noma de Buenos Aires.<br \/>\nDocente de las asignaturas \u201cFonoestomatolog\u00eda\u201d, \u201cPr\u00e1ctica Cl\u00ednica III\u201d y \u201cSeminarios de Investigaci\u00f3n-\u00c1rea Fonoestomatolog\u00eda\u201d, USAL.<\/p>\n                <\/div>\r\n                    <\/div>\r\n                <div class=\"ttp-team-inner-hidden ttp-grid-layout-popup ttp-popup-content-center\" id=\"ttp-inner-content-1152\" style='display:none'>        \r\n            <span data-id=\"1152\" data-disp-type=\"popup\"class=\"ttp-additional-detail-close\"><\/span>                <div class=\"ttp-popup-content-fix-wrap\">\r\n                                            <span class=\"ttp-thumb-image\">\r\n                            <img src='http:\/\/www.asalfa.org.ar\/web\/wp-content\/uploads\/2022\/03\/Lilia_Sesta2.jpg' alt=\"Fga. Lilia Sesta\" \/>\r\n                        <\/span>\r\n                                                <div class=\"ttp-content-header\">\r\n                            Fga. Lilia Sesta                        <\/div>\r\n                                                <span class=\"ttp-thumb-position\">\r\n                            Tesorera                        <\/span>\r\n                                            <div class=\"ttp-thumb-social-link clearfix\">\r\n                                            <\/div>\r\n                <\/div>\r\n                <div class=\"ttp-team-member-content\">\r\n                                    <\/div>\r\n                    <\/div>\r\n                <div class=\"ttp-team-inner-hidden ttp-grid-layout-popup ttp-popup-content-center\" id=\"ttp-inner-content-1163\" style='display:none'>        \r\n            <span data-id=\"1163\" data-disp-type=\"popup\"class=\"ttp-additional-detail-close\"><\/span>                <div class=\"ttp-popup-content-fix-wrap\">\r\n                                            <span class=\"ttp-thumb-image\">\r\n                            <img src='http:\/\/www.asalfa.org.ar\/web\/wp-content\/uploads\/2022\/03\/Liliana-Arjona2.jpg' alt=\"Lic. Liliana B. Arjona\" \/>\r\n                        <\/span>\r\n                                                <div class=\"ttp-content-header\">\r\n                            Lic. Liliana B. Arjona                        <\/div>\r\n                                                <span class=\"ttp-thumb-position\">\r\n                            Pro Secretaria                        <\/span>\r\n                                            <div class=\"ttp-thumb-social-link clearfix\">\r\n                                            <\/div>\r\n                <\/div>\r\n                <div class=\"ttp-team-member-content\">\r\n                    <p>Licenciada en Fonoaudiolog\u00eda, UBA.<\/p>\n<p>Profesora Universitaria, UBA.<\/p>\n<p>Fonoaudi\u00f3loga de Planta del Hospital Gral. de Agudos \u201cEnrique Torn\u00fa\u201d, Gobierno de la Ciudad Aut\u00f3noma de Buenos Aires.<\/p>\n<p>Docente de la asignatura \u201cPatolog\u00eda y Terap\u00e9utica del lenguaje en adultos\u201d, Carrera de Licenciatura en Fonoaudiolog\u00eda, UBA.<\/p>\n                <\/div>\r\n                    <\/div>\r\n                <div class=\"ttp-team-inner-hidden ttp-grid-layout-popup ttp-popup-content-center\" id=\"ttp-inner-content-1150\" style='display:none'>        \r\n            <span data-id=\"1150\" data-disp-type=\"popup\"class=\"ttp-additional-detail-close\"><\/span>                <div class=\"ttp-popup-content-fix-wrap\">\r\n                                            <span class=\"ttp-thumb-image\">\r\n                            <img src='http:\/\/www.asalfa.org.ar\/web\/wp-content\/uploads\/2022\/03\/Laura_Abal2.jpg' alt=\"Fga. Laura Elena Abal\" \/>\r\n                        <\/span>\r\n                                                <div class=\"ttp-content-header\">\r\n                            Fga. Laura Elena Abal                        <\/div>\r\n                                                <span class=\"ttp-thumb-position\">\r\n                            Secretaria                        <\/span>\r\n                                            <div class=\"ttp-thumb-social-link clearfix\">\r\n                                            <\/div>\r\n                <\/div>\r\n                <div class=\"ttp-team-member-content\">\r\n                    <p>Fonoaudi\u00f3loga, USAL.<br \/>\nEx Jefa de Docencia e Investigaci\u00f3n de la Mutualidad Argentina de Hipoac\u00fasicos.<br \/>\nEx Jefa del Servicio de Fonoaudiolog\u00eda de la Mutualidad Argentina de Hipoac\u00fasicos.<br \/>\nAutora-colaboradora del libro \u201cAudiopr\u00f3tesis. Enfoque m\u00e9dico, fonoaudiol\u00f3gico y electroac\u00fastico\u201d del Dr. Yankel Pasik (1\u00ba y 2\u00ba edici\u00f3n), y del libro \u201cSordoceguera\u201d del Dr. Alberto Mu\u00f1oz (1\u00ba edici\u00f3n).<\/p>\n                <\/div>\r\n                    <\/div>\r\n                <div class=\"ttp-team-inner-hidden ttp-grid-layout-popup ttp-popup-content-center\" id=\"ttp-inner-content-1158\" style='display:none'>        \r\n            <span data-id=\"1158\" data-disp-type=\"popup\"class=\"ttp-additional-detail-close\"><\/span>                <div class=\"ttp-popup-content-fix-wrap\">\r\n                                            <span class=\"ttp-thumb-image\">\r\n                            <img src='http:\/\/www.asalfa.org.ar\/web\/wp-content\/uploads\/2022\/03\/Nora-Neustadt.jpg' alt=\"Dra. Nora Neustadt de Kohan\" \/>\r\n                        <\/span>\r\n                                                <div class=\"ttp-content-header\">\r\n                            Dra. Nora Neustadt de Kohan                        <\/div>\r\n                                                <span class=\"ttp-thumb-position\">\r\n                            Vicepresidente                        <\/span>\r\n                                            <div class=\"ttp-thumb-social-link clearfix\">\r\n                                            <\/div>\r\n                <\/div>\r\n                <div class=\"ttp-team-member-content\">\r\n                    <p>Doctora en Fonoaudiolog\u00eda, UMSA.<br \/>\nCo-Coordinadora del Programa de Detecci\u00f3n Temprana de la Hipoacusia y Seguimiento Auditivo, del \u201cSanatorio Mater Dei\u201d, Ciudad Aut\u00f3noma de Buenos Aires.<br \/>\nProfesora Titular de la C\u00e1tedra \u201cAudiolog\u00eda II\u201d, Carrera de Licenciatura en Fonoaudiolog\u00eda, UMSA.<br \/>\nProfesora del Seminario \u201cDiagn\u00f3stico en Audiolog\u00eda Infantil\u201d, Carrera de \u201cEspecializaci\u00f3n en Audiolog\u00eda\u201d, UMSA.<br \/>\nMiembro del Board de ISA (International Society of Audiology).<br \/>\nAsesora Cient\u00edfica de la Revista Fonoaudiol\u00f3gica y de la Revista Chilena de Fonoaudiolog\u00eda.<br \/>\nAsesora Cient\u00edfica de VOCES, Universidad Nacional de San Luis.<\/p>\n                <\/div>\r\n                    <\/div>\r\n                <div class=\"ttp-team-inner-hidden ttp-grid-layout-popup ttp-popup-content-center\" id=\"ttp-inner-content-1147\" style='display:none'>        \r\n            <span data-id=\"1147\" data-disp-type=\"popup\"class=\"ttp-additional-detail-close\"><\/span>                <div class=\"ttp-popup-content-fix-wrap\">\r\n                                            <span class=\"ttp-thumb-image\">\r\n                            <img src='http:\/\/www.asalfa.org.ar\/web\/wp-content\/uploads\/2022\/03\/Jury2-3.jpg' alt=\"Dra. Silvia Jury\" \/>\r\n                        <\/span>\r\n                                                <div class=\"ttp-content-header\">\r\n                            Dra. Silvia Jury                        <\/div>\r\n                                                <span class=\"ttp-thumb-position\">\r\n                            Presidente                        <\/span>\r\n                                            <div class=\"ttp-thumb-social-link clearfix\">\r\n                                            <\/div>\r\n                <\/div>\r\n                <div class=\"ttp-team-member-content\">\r\n                    <p>Doctora en Fonoaudiolog\u00eda, UMSA.<br \/>\nEx Jefa de la Unidad de Fonoaudiolog\u00eda del Hospital de Ni\u00f1os \u201cSor Mar\u00eda Ludovica&#8221;, La Plata.<br \/>\nEx Presidente del \u201cComit\u00e9 de las Malformaciones Craneofaciales y Fisurados\u201d e integrante del \u201cComit\u00e9 de Gastrostom\u00eda\u201d del mismo hospital.<br \/>\nCoordinadora del Curso de Postgrado \u201cTrastornos deglutorios y disfagias, sus implicancias cl\u00ednicas&#8221;.<br \/>\nConsultora del Hospital Brit\u00e1nico.<br \/>\nConsultora del Centro de Investigaciones Pedi\u00e1tricas IDIP, La Plata.<\/p>\n                <\/div>\r\n                    <\/div>\r\n            <\/div>\r\n    <div class='ttp-popup-content-overlay' data-disp-type=\"popup\" style=\"display:none\"><\/div>\r\n<\/div>\n","protected":false},"excerpt":{"rendered":"","protected":false},"author":1,"featured_media":0,"parent":0,"menu_order":0,"comment_status":"closed","ping_status":"closed","template":"","meta":{"cybocfi_hide_featured_image":""},"yoast_head":"<!-- This site is optimized with the Yoast SEO plugin v16.8 - https:\/\/yoast.com\/wordpress\/plugins\/seo\/ -->\n<title>Autoridades | Asoc. Arg. de Logopedia, Foniatr\u00eda y Audiolog\u00eda<\/title>\n<meta name=\"robots\" content=\"index, follow, max-snippet:-1, max-image-preview:large, max-video-preview:-1\" \/>\n<link rel=\"canonical\" href=\"http:\/\/www.asalfa.org.ar\/web\/autoridadesasalfa\/\" \/>\n<meta property=\"og:locale\" content=\"es_ES\" \/>\n<meta property=\"og:type\" content=\"article\" \/>\n<meta property=\"og:title\" content=\"Autoridades | Asoc. Arg. de Logopedia, Foniatr\u00eda y Audiolog\u00eda\" \/>\n<meta property=\"og:url\" content=\"http:\/\/www.asalfa.org.ar\/web\/autoridadesasalfa\/\" \/>\n<meta property=\"og:site_name\" content=\"Asoc. Arg. de Logopedia, Foniatr\u00eda y Audiolog\u00eda\" \/>\n<meta property=\"article:publisher\" content=\"https:\/\/www.facebook.com\/asalfa.web\" \/>\n<meta property=\"article:modified_time\" content=\"2021-07-12T01:43:39+00:00\" \/>\n<meta name=\"twitter:card\" content=\"summary_large_image\" \/>\n<script type=\"application\/ld+json\" class=\"yoast-schema-graph\">{\"@context\":\"https:\/\/schema.org\",\"@graph\":[{\"@type\":\"Organization\",\"@id\":\"https:\/\/www.asalfa.org.ar\/web\/#organization\",\"name\":\"ASALFA\",\"url\":\"https:\/\/www.asalfa.org.ar\/web\/\",\"sameAs\":[\"https:\/\/www.facebook.com\/asalfa.web\",\"https:\/\/www.instagram.com\/asalfa.fono\/\",\"https:\/\/www.youtube.com\/channel\/UCViRiKssMnG1fvSb5yMV_Gw\"],\"logo\":{\"@type\":\"ImageObject\",\"@id\":\"https:\/\/www.asalfa.org.ar\/web\/#logo\",\"inLanguage\":\"es-AR\",\"url\":\"https:\/\/www.asalfa.org.ar\/web\/wp-content\/uploads\/2021\/07\/LogoASALFAdesde1948-1.png\",\"contentUrl\":\"https:\/\/www.asalfa.org.ar\/web\/wp-content\/uploads\/2021\/07\/LogoASALFAdesde1948-1.png\",\"width\":249,\"height\":65,\"caption\":\"ASALFA\"},\"image\":{\"@id\":\"https:\/\/www.asalfa.org.ar\/web\/#logo\"}},{\"@type\":\"WebSite\",\"@id\":\"https:\/\/www.asalfa.org.ar\/web\/#website\",\"url\":\"https:\/\/www.asalfa.org.ar\/web\/\",\"name\":\"ASALFA\",\"description\":\"Fonoaudiolog\\u00eda\",\"publisher\":{\"@id\":\"https:\/\/www.asalfa.org.ar\/web\/#organization\"},\"potentialAction\":[{\"@type\":\"SearchAction\",\"target\":{\"@type\":\"EntryPoint\",\"urlTemplate\":\"https:\/\/www.asalfa.org.ar\/web\/?s={search_term_string}\"},\"query-input\":\"required name=search_term_string\"}],\"inLanguage\":\"es-AR\"},{\"@type\":\"WebPage\",\"@id\":\"http:\/\/www.asalfa.org.ar\/web\/autoridadesasalfa\/#webpage\",\"url\":\"http:\/\/www.asalfa.org.ar\/web\/autoridadesasalfa\/\",\"name\":\"Autoridades | Asoc. Arg. de Logopedia, Foniatr\\u00eda y Audiolog\\u00eda\",\"isPartOf\":{\"@id\":\"https:\/\/www.asalfa.org.ar\/web\/#website\"},\"datePublished\":\"2021-06-24T03:06:59+00:00\",\"dateModified\":\"2021-07-12T01:43:39+00:00\",\"breadcrumb\":{\"@id\":\"http:\/\/www.asalfa.org.ar\/web\/autoridadesasalfa\/#breadcrumb\"},\"inLanguage\":\"es-AR\",\"potentialAction\":[{\"@type\":\"ReadAction\",\"target\":[\"http:\/\/www.asalfa.org.ar\/web\/autoridadesasalfa\/\"]}]},{\"@type\":\"BreadcrumbList\",\"@id\":\"http:\/\/www.asalfa.org.ar\/web\/autoridadesasalfa\/#breadcrumb\",\"itemListElement\":[{\"@type\":\"ListItem\",\"position\":1,\"name\":\"Inicio\",\"item\":\"https:\/\/www.asalfa.org.ar\/web\/\"},{\"@type\":\"ListItem\",\"position\":2,\"name\":\"Autoridades\"}]}]}<\/script>\n<!-- \/ Yoast SEO plugin. -->","yoast_head_json":{"title":"Autoridades | Asoc. Arg. de Logopedia, Foniatr\u00eda y Audiolog\u00eda","robots":{"index":"index","follow":"follow","max-snippet":"max-snippet:-1","max-image-preview":"max-image-preview:large","max-video-preview":"max-video-preview:-1"},"canonical":"http:\/\/www.asalfa.org.ar\/web\/autoridadesasalfa\/","og_locale":"es_ES","og_type":"article","og_title":"Autoridades | Asoc. Arg. de Logopedia, Foniatr\u00eda y Audiolog\u00eda","og_url":"http:\/\/www.asalfa.org.ar\/web\/autoridadesasalfa\/","og_site_name":"Asoc. Arg. de Logopedia, Foniatr\u00eda y Audiolog\u00eda","article_publisher":"https:\/\/www.facebook.com\/asalfa.web","article_modified_time":"2021-07-12T01:43:39+00:00","twitter_card":"summary_large_image","schema":{"@context":"https:\/\/schema.org","@graph":[{"@type":"Organization","@id":"https:\/\/www.asalfa.org.ar\/web\/#organization","name":"ASALFA","url":"https:\/\/www.asalfa.org.ar\/web\/","sameAs":["https:\/\/www.facebook.com\/asalfa.web","https:\/\/www.instagram.com\/asalfa.fono\/","https:\/\/www.youtube.com\/channel\/UCViRiKssMnG1fvSb5yMV_Gw"],"logo":{"@type":"ImageObject","@id":"https:\/\/www.asalfa.org.ar\/web\/#logo","inLanguage":"es-AR","url":"https:\/\/www.asalfa.org.ar\/web\/wp-content\/uploads\/2021\/07\/LogoASALFAdesde1948-1.png","contentUrl":"https:\/\/www.asalfa.org.ar\/web\/wp-content\/uploads\/2021\/07\/LogoASALFAdesde1948-1.png","width":249,"height":65,"caption":"ASALFA"},"image":{"@id":"https:\/\/www.asalfa.org.ar\/web\/#logo"}},{"@type":"WebSite","@id":"https:\/\/www.asalfa.org.ar\/web\/#website","url":"https:\/\/www.asalfa.org.ar\/web\/","name":"ASALFA","description":"Fonoaudiolog\u00eda","publisher":{"@id":"https:\/\/www.asalfa.org.ar\/web\/#organization"},"potentialAction":[{"@type":"SearchAction","target":{"@type":"EntryPoint","urlTemplate":"https:\/\/www.asalfa.org.ar\/web\/?s={search_term_string}"},"query-input":"required name=search_term_string"}],"inLanguage":"es-AR"},{"@type":"WebPage","@id":"http:\/\/www.asalfa.org.ar\/web\/autoridadesasalfa\/#webpage","url":"http:\/\/www.asalfa.org.ar\/web\/autoridadesasalfa\/","name":"Autoridades | Asoc. Arg. de Logopedia, Foniatr\u00eda y Audiolog\u00eda","isPartOf":{"@id":"https:\/\/www.asalfa.org.ar\/web\/#website"},"datePublished":"2021-06-24T03:06:59+00:00","dateModified":"2021-07-12T01:43:39+00:00","breadcrumb":{"@id":"http:\/\/www.asalfa.org.ar\/web\/autoridadesasalfa\/#breadcrumb"},"inLanguage":"es-AR","potentialAction":[{"@type":"ReadAction","target":["http:\/\/www.asalfa.org.ar\/web\/autoridadesasalfa\/"]}]},{"@type":"BreadcrumbList","@id":"http:\/\/www.asalfa.org.ar\/web\/autoridadesasalfa\/#breadcrumb","itemListElement":[{"@type":"ListItem","position":1,"name":"Inicio","item":"https:\/\/www.asalfa.org.ar\/web\/"},{"@type":"ListItem","position":2,"name":"Autoridades"}]}]}},"_links":{"self":[{"href":"http:\/\/www.asalfa.org.ar\/web\/wp-json\/wp\/v2\/pages\/187"}],"collection":[{"href":"http:\/\/www.asalfa.org.ar\/web\/wp-json\/wp\/v2\/pages"}],"about":[{"href":"http:\/\/www.asalfa.org.ar\/web\/wp-json\/wp\/v2\/types\/page"}],"author":[{"embeddable":true,"href":"http:\/\/www.asalfa.org.ar\/web\/wp-json\/wp\/v2\/users\/1"}],"replies":[{"embeddable":true,"href":"http:\/\/www.asalfa.org.ar\/web\/wp-json\/wp\/v2\/comments?post=187"}],"version-history":[{"count":18,"href":"http:\/\/www.asalfa.org.ar\/web\/wp-json\/wp\/v2\/pages\/187\/revisions"}],"predecessor-version":[{"id":1181,"href":"http:\/\/www.asalfa.org.ar\/web\/wp-json\/wp\/v2\/pages\/187\/revisions\/1181"}],"wp:attachment":[{"href":"http:\/\/www.asalfa.org.ar\/web\/wp-json\/wp\/v2\/media?parent=187"}],"curies":[{"name":"wp","href":"https:\/\/api.w.org\/{rel}","templated":true}]}}