{"id":425,"date":"2021-06-24T22:27:00","date_gmt":"2021-06-24T22:27:00","guid":{"rendered":"http:\/\/www.asalfa.org.ar\/web\/?page_id=425"},"modified":"2021-07-20T14:44:14","modified_gmt":"2021-07-20T17:44:14","slug":"relacion-con-entidades-del-quehacer-fonoaudiologico","status":"publish","type":"page","link":"http:\/\/www.asalfa.org.ar\/web\/relacion-con-entidades-del-quehacer-fonoaudiologico\/","title":{"rendered":"Relaci\u00f3n con Entidades del Quehacer Fonoaudiol\u00f3gico"},"content":{"rendered":"<p><img loading=\"lazy\" class=\"alignnone size-medium wp-image-426\" src=\"http:\/\/www.asalfa.org.ar\/web\/wp-content\/uploads\/2021\/06\/logo_facaf.jpg\" alt=\"\" width=\"1\" height=\"1\" \/><\/p>\n<p><span lang=\"ES\">Conformada en el a\u00f1o 1979, la <strong>Federaci\u00f3n Argentina de Colegios y Asociaciones de Fonoaudiolog\u00eda &#8211; FACAF-<\/strong>, es una entidad de 2<sup>do<\/sup> Grado que nuclea asociaciones y colegios de Fonoaudiolog\u00eda de la Argentina, entidades de 1er. Grado.<\/span><\/p>\n<p>ASALFA es una de las instituciones federadas e integra su actual Comisi\u00f3n Directiva (per\u00edodo 2019-2021):<\/p>\n<p><strong>Presidencia:<\/strong> COFER (Colegio de Fonoaudi\u00f3logos de Entre R\u00edos)<br \/>\nLic. Ines Olloquiegui de Machao<\/p>\n<p><strong><span lang=\"PT-BR\">Secretar\u00eda<\/span><\/strong><span lang=\"ES\"><strong>:<\/strong> <\/span><span lang=\"ES\">ASALFA (Asociaci\u00f3n Argentina <\/span><span lang=\"IT\">de Logopedia, Foniatr\u00eda <\/span><span lang=\"ES\">y Audiolog\u00eda)<\/span><br \/>\n<span lang=\"PT-BR\">Lic. Nora Neustadt<\/span><\/p>\n<p><strong><span lang=\"IT\">Tesorer\u00eda:\u00a0<\/span><\/strong><span lang=\"PT-BR\">C.F.C (Colegio de Fonoaudi\u00f3logos <\/span><span lang=\"IT\">de C\u00f3rdoba)<\/span><br \/>\n<span lang=\"PT-BR\">Lic. Karina Rubio <\/span><\/p>\n<p><span lang=\"PT-BR\"><strong>Vocal\u00eda I:<\/strong> AFONCOR (Asociaci\u00f3n de Fonoaudi\u00f3logos de Corrientes)<\/span><br \/>\n<span lang=\"PT-BR\">Lic. Delia Mar\u00eda Ferrando Trim<\/span><\/p>\n<p><span lang=\"ES\"><strong>Vocal\u00eda II:<\/strong>\u00a0<\/span><span lang=\"ES\">COFSE (Colegio de Fonoaudi\u00f3logos de Santiago de! Estero)<\/span><\/p>\n<p><span lang=\"ES\">Lic. Rosa Mondchein<\/span><\/p>\n<p><span lang=\"PT-BR\"><strong>Vocal\u00eda Suplente:<\/strong>\u00a0<\/span><span lang=\"PT-BR\">C.F.S.J. (Colegio de Fonoaudi\u00f3logos de San Juan).<\/span><br \/>\n<span lang=\"ES\">Fga. Daniela Manzur <\/span><\/p>\n<p><span lang=\"ES\"><strong>Revisores de cuentas:<\/strong><br \/>\n<\/span><\/p>\n<p><span lang=\"ES\">ASALFA (Asociaci\u00f3n Argentina <\/span><span lang=\"IT\">de Logopedia, Foniatr\u00eda <\/span><span lang=\"ES\">y Audiolog\u00eda) <\/span><br \/>\n<span lang=\"PT-BR\">Dra. Silvia Jury<\/span><\/p>\n<p><span lang=\"ES\">AFOCHA (Asociaci\u00f3n de Fonoaudi\u00f3logos del Chaco) <\/span><br \/>\n<span lang=\"ES\">Lic. Annamaria Comini<\/span><\/p>\n<p><span lang=\"ES\">\u00a0<\/span><\/p>\n<p align=\"center\"><span lang=\"ES\"><br \/>\nP\u00e1gina web: http:\/\/fonoaudiologiafacaf.blogspot.com<br \/>\nContacto:<a href=\"mailto:f.a.c.a.f@hotmail.com\"> f.a.c.a.f@hotmail.com<\/a><\/span><\/p>\n","protected":false},"excerpt":{"rendered":"<p>Conformada en el a\u00f1o 1979, la Federaci\u00f3n Argentina de Colegios y Asociaciones de Fonoaudiolog\u00eda &#8211; FACAF-, es una entidad de 2do Grado que nuclea asociaciones y colegios de Fonoaudiolog\u00eda de la Argentina, entidades de 1er. Grado. ASALFA es una de las instituciones federadas e integra su actual Comisi\u00f3n Directiva (per\u00edodo 2019-2021): Presidencia: COFER (Colegio de&hellip;<\/p>\n","protected":false},"author":1,"featured_media":426,"parent":0,"menu_order":0,"comment_status":"closed","ping_status":"closed","template":"","meta":{"cybocfi_hide_featured_image":""},"yoast_head":"<!-- This site is optimized with the Yoast SEO plugin v16.8 - https:\/\/yoast.com\/wordpress\/plugins\/seo\/ -->\n<title>Relaci\u00f3n con Entidades del Quehacer Fonoaudiol\u00f3gico | Asoc. Arg. de Logopedia, Foniatr\u00eda y Audiolog\u00eda<\/title>\n<meta name=\"robots\" content=\"index, follow, max-snippet:-1, max-image-preview:large, max-video-preview:-1\" \/>\n<link rel=\"canonical\" href=\"https:\/\/www.asalfa.org.ar\/web\/relacion-con-entidades-del-quehacer-fonoaudiologico\/\" \/>\n<meta property=\"og:locale\" content=\"es_ES\" \/>\n<meta property=\"og:type\" content=\"article\" \/>\n<meta property=\"og:title\" content=\"Relaci\u00f3n con Entidades del Quehacer Fonoaudiol\u00f3gico | Asoc. Arg. de Logopedia, Foniatr\u00eda y Audiolog\u00eda\" \/>\n<meta property=\"og:description\" content=\"Conformada en el a\u00f1o 1979, la Federaci\u00f3n Argentina de Colegios y Asociaciones de Fonoaudiolog\u00eda &#8211; FACAF-, es una entidad de 2do Grado que nuclea asociaciones y colegios de Fonoaudiolog\u00eda de la Argentina, entidades de 1er. Grado. ASALFA es una de las instituciones federadas e integra su actual Comisi\u00f3n Directiva (per\u00edodo 2019-2021): Presidencia: COFER (Colegio de&hellip;\" \/>\n<meta property=\"og:url\" content=\"https:\/\/www.asalfa.org.ar\/web\/relacion-con-entidades-del-quehacer-fonoaudiologico\/\" \/>\n<meta property=\"og:site_name\" content=\"Asoc. Arg. de Logopedia, Foniatr\u00eda y Audiolog\u00eda\" \/>\n<meta property=\"article:publisher\" content=\"https:\/\/www.facebook.com\/asalfa.web\" \/>\n<meta property=\"article:modified_time\" content=\"2021-07-20T17:44:14+00:00\" \/>\n<meta property=\"og:image\" content=\"https:\/\/www.asalfa.org.ar\/web\/wp-content\/uploads\/2021\/06\/logo_facaf.jpg\" \/>\n\t<meta property=\"og:image:width\" content=\"77\" \/>\n\t<meta property=\"og:image:height\" content=\"78\" \/>\n<meta name=\"twitter:card\" content=\"summary_large_image\" \/>\n<meta name=\"twitter:label1\" content=\"Tiempo de lectura\" \/>\n\t<meta name=\"twitter:data1\" content=\"1 minuto\" \/>\n<script type=\"application\/ld+json\" class=\"yoast-schema-graph\">{\"@context\":\"https:\/\/schema.org\",\"@graph\":[{\"@type\":\"Organization\",\"@id\":\"https:\/\/www.asalfa.org.ar\/web\/#organization\",\"name\":\"ASALFA\",\"url\":\"https:\/\/www.asalfa.org.ar\/web\/\",\"sameAs\":[\"https:\/\/www.facebook.com\/asalfa.web\",\"https:\/\/www.instagram.com\/asalfa.fono\/\",\"https:\/\/www.youtube.com\/channel\/UCViRiKssMnG1fvSb5yMV_Gw\"],\"logo\":{\"@type\":\"ImageObject\",\"@id\":\"https:\/\/www.asalfa.org.ar\/web\/#logo\",\"inLanguage\":\"es-AR\",\"url\":\"https:\/\/www.asalfa.org.ar\/web\/wp-content\/uploads\/2021\/07\/LogoASALFAdesde1948-1.png\",\"contentUrl\":\"https:\/\/www.asalfa.org.ar\/web\/wp-content\/uploads\/2021\/07\/LogoASALFAdesde1948-1.png\",\"width\":249,\"height\":65,\"caption\":\"ASALFA\"},\"image\":{\"@id\":\"https:\/\/www.asalfa.org.ar\/web\/#logo\"}},{\"@type\":\"WebSite\",\"@id\":\"https:\/\/www.asalfa.org.ar\/web\/#website\",\"url\":\"https:\/\/www.asalfa.org.ar\/web\/\",\"name\":\"ASALFA\",\"description\":\"Fonoaudiolog\\u00eda\",\"publisher\":{\"@id\":\"https:\/\/www.asalfa.org.ar\/web\/#organization\"},\"potentialAction\":[{\"@type\":\"SearchAction\",\"target\":{\"@type\":\"EntryPoint\",\"urlTemplate\":\"https:\/\/www.asalfa.org.ar\/web\/?s={search_term_string}\"},\"query-input\":\"required name=search_term_string\"}],\"inLanguage\":\"es-AR\"},{\"@type\":\"ImageObject\",\"@id\":\"https:\/\/www.asalfa.org.ar\/web\/relacion-con-entidades-del-quehacer-fonoaudiologico\/#primaryimage\",\"inLanguage\":\"es-AR\",\"url\":\"http:\/\/www.asalfa.org.ar\/web\/wp-content\/uploads\/2021\/06\/logo_facaf.jpg\",\"contentUrl\":\"http:\/\/www.asalfa.org.ar\/web\/wp-content\/uploads\/2021\/06\/logo_facaf.jpg\",\"width\":77,\"height\":78},{\"@type\":\"WebPage\",\"@id\":\"https:\/\/www.asalfa.org.ar\/web\/relacion-con-entidades-del-quehacer-fonoaudiologico\/#webpage\",\"url\":\"https:\/\/www.asalfa.org.ar\/web\/relacion-con-entidades-del-quehacer-fonoaudiologico\/\",\"name\":\"Relaci\\u00f3n con Entidades del Quehacer Fonoaudiol\\u00f3gico | Asoc. Arg. de Logopedia, Foniatr\\u00eda y Audiolog\\u00eda\",\"isPartOf\":{\"@id\":\"https:\/\/www.asalfa.org.ar\/web\/#website\"},\"primaryImageOfPage\":{\"@id\":\"https:\/\/www.asalfa.org.ar\/web\/relacion-con-entidades-del-quehacer-fonoaudiologico\/#primaryimage\"},\"datePublished\":\"2021-06-24T22:27:00+00:00\",\"dateModified\":\"2021-07-20T17:44:14+00:00\",\"breadcrumb\":{\"@id\":\"https:\/\/www.asalfa.org.ar\/web\/relacion-con-entidades-del-quehacer-fonoaudiologico\/#breadcrumb\"},\"inLanguage\":\"es-AR\",\"potentialAction\":[{\"@type\":\"ReadAction\",\"target\":[\"https:\/\/www.asalfa.org.ar\/web\/relacion-con-entidades-del-quehacer-fonoaudiologico\/\"]}]},{\"@type\":\"BreadcrumbList\",\"@id\":\"https:\/\/www.asalfa.org.ar\/web\/relacion-con-entidades-del-quehacer-fonoaudiologico\/#breadcrumb\",\"itemListElement\":[{\"@type\":\"ListItem\",\"position\":1,\"name\":\"Inicio\",\"item\":\"https:\/\/www.asalfa.org.ar\/web\/\"},{\"@type\":\"ListItem\",\"position\":2,\"name\":\"Relaci\\u00f3n con Entidades del Quehacer Fonoaudiol\\u00f3gico\"}]}]}<\/script>\n<!-- \/ Yoast SEO plugin. -->","yoast_head_json":{"title":"Relaci\u00f3n con Entidades del Quehacer Fonoaudiol\u00f3gico | Asoc. Arg. de Logopedia, Foniatr\u00eda y Audiolog\u00eda","robots":{"index":"index","follow":"follow","max-snippet":"max-snippet:-1","max-image-preview":"max-image-preview:large","max-video-preview":"max-video-preview:-1"},"canonical":"https:\/\/www.asalfa.org.ar\/web\/relacion-con-entidades-del-quehacer-fonoaudiologico\/","og_locale":"es_ES","og_type":"article","og_title":"Relaci\u00f3n con Entidades del Quehacer Fonoaudiol\u00f3gico | Asoc. Arg. de Logopedia, Foniatr\u00eda y Audiolog\u00eda","og_description":"Conformada en el a\u00f1o 1979, la Federaci\u00f3n Argentina de Colegios y Asociaciones de Fonoaudiolog\u00eda &#8211; FACAF-, es una entidad de 2do Grado que nuclea asociaciones y colegios de Fonoaudiolog\u00eda de la Argentina, entidades de 1er. Grado. ASALFA es una de las instituciones federadas e integra su actual Comisi\u00f3n Directiva (per\u00edodo 2019-2021): Presidencia: COFER (Colegio de&hellip;","og_url":"https:\/\/www.asalfa.org.ar\/web\/relacion-con-entidades-del-quehacer-fonoaudiologico\/","og_site_name":"Asoc. Arg. de Logopedia, Foniatr\u00eda y Audiolog\u00eda","article_publisher":"https:\/\/www.facebook.com\/asalfa.web","article_modified_time":"2021-07-20T17:44:14+00:00","og_image":[{"width":77,"height":78,"url":"https:\/\/www.asalfa.org.ar\/web\/wp-content\/uploads\/2021\/06\/logo_facaf.jpg","path":"\/home\/laura\/public_html\/web\/wp-content\/uploads\/2021\/06\/logo_facaf.jpg","size":"full","id":426,"alt":"","pixels":6006,"type":"image\/jpeg"}],"twitter_card":"summary_large_image","twitter_misc":{"Tiempo de lectura":"1 minuto"},"schema":{"@context":"https:\/\/schema.org","@graph":[{"@type":"Organization","@id":"https:\/\/www.asalfa.org.ar\/web\/#organization","name":"ASALFA","url":"https:\/\/www.asalfa.org.ar\/web\/","sameAs":["https:\/\/www.facebook.com\/asalfa.web","https:\/\/www.instagram.com\/asalfa.fono\/","https:\/\/www.youtube.com\/channel\/UCViRiKssMnG1fvSb5yMV_Gw"],"logo":{"@type":"ImageObject","@id":"https:\/\/www.asalfa.org.ar\/web\/#logo","inLanguage":"es-AR","url":"https:\/\/www.asalfa.org.ar\/web\/wp-content\/uploads\/2021\/07\/LogoASALFAdesde1948-1.png","contentUrl":"https:\/\/www.asalfa.org.ar\/web\/wp-content\/uploads\/2021\/07\/LogoASALFAdesde1948-1.png","width":249,"height":65,"caption":"ASALFA"},"image":{"@id":"https:\/\/www.asalfa.org.ar\/web\/#logo"}},{"@type":"WebSite","@id":"https:\/\/www.asalfa.org.ar\/web\/#website","url":"https:\/\/www.asalfa.org.ar\/web\/","name":"ASALFA","description":"Fonoaudiolog\u00eda","publisher":{"@id":"https:\/\/www.asalfa.org.ar\/web\/#organization"},"potentialAction":[{"@type":"SearchAction","target":{"@type":"EntryPoint","urlTemplate":"https:\/\/www.asalfa.org.ar\/web\/?s={search_term_string}"},"query-input":"required name=search_term_string"}],"inLanguage":"es-AR"},{"@type":"ImageObject","@id":"https:\/\/www.asalfa.org.ar\/web\/relacion-con-entidades-del-quehacer-fonoaudiologico\/#primaryimage","inLanguage":"es-AR","url":"http:\/\/www.asalfa.org.ar\/web\/wp-content\/uploads\/2021\/06\/logo_facaf.jpg","contentUrl":"http:\/\/www.asalfa.org.ar\/web\/wp-content\/uploads\/2021\/06\/logo_facaf.jpg","width":77,"height":78},{"@type":"WebPage","@id":"https:\/\/www.asalfa.org.ar\/web\/relacion-con-entidades-del-quehacer-fonoaudiologico\/#webpage","url":"https:\/\/www.asalfa.org.ar\/web\/relacion-con-entidades-del-quehacer-fonoaudiologico\/","name":"Relaci\u00f3n con Entidades del Quehacer Fonoaudiol\u00f3gico | Asoc. Arg. de Logopedia, Foniatr\u00eda y Audiolog\u00eda","isPartOf":{"@id":"https:\/\/www.asalfa.org.ar\/web\/#website"},"primaryImageOfPage":{"@id":"https:\/\/www.asalfa.org.ar\/web\/relacion-con-entidades-del-quehacer-fonoaudiologico\/#primaryimage"},"datePublished":"2021-06-24T22:27:00+00:00","dateModified":"2021-07-20T17:44:14+00:00","breadcrumb":{"@id":"https:\/\/www.asalfa.org.ar\/web\/relacion-con-entidades-del-quehacer-fonoaudiologico\/#breadcrumb"},"inLanguage":"es-AR","potentialAction":[{"@type":"ReadAction","target":["https:\/\/www.asalfa.org.ar\/web\/relacion-con-entidades-del-quehacer-fonoaudiologico\/"]}]},{"@type":"BreadcrumbList","@id":"https:\/\/www.asalfa.org.ar\/web\/relacion-con-entidades-del-quehacer-fonoaudiologico\/#breadcrumb","itemListElement":[{"@type":"ListItem","position":1,"name":"Inicio","item":"https:\/\/www.asalfa.org.ar\/web\/"},{"@type":"ListItem","position":2,"name":"Relaci\u00f3n con Entidades del Quehacer Fonoaudiol\u00f3gico"}]}]}},"_links":{"self":[{"href":"http:\/\/www.asalfa.org.ar\/web\/wp-json\/wp\/v2\/pages\/425"}],"collection":[{"href":"http:\/\/www.asalfa.org.ar\/web\/wp-json\/wp\/v2\/pages"}],"about":[{"href":"http:\/\/www.asalfa.org.ar\/web\/wp-json\/wp\/v2\/types\/page"}],"author":[{"embeddable":true,"href":"http:\/\/www.asalfa.org.ar\/web\/wp-json\/wp\/v2\/users\/1"}],"replies":[{"embeddable":true,"href":"http:\/\/www.asalfa.org.ar\/web\/wp-json\/wp\/v2\/comments?post=425"}],"version-history":[{"count":5,"href":"http:\/\/www.asalfa.org.ar\/web\/wp-json\/wp\/v2\/pages\/425\/revisions"}],"predecessor-version":[{"id":1293,"href":"http:\/\/www.asalfa.org.ar\/web\/wp-json\/wp\/v2\/pages\/425\/revisions\/1293"}],"wp:featuredmedia":[{"embeddable":true,"href":"http:\/\/www.asalfa.org.ar\/web\/wp-json\/wp\/v2\/media\/426"}],"wp:attachment":[{"href":"http:\/\/www.asalfa.org.ar\/web\/wp-json\/wp\/v2\/media?parent=425"}],"curies":[{"name":"wp","href":"https:\/\/api.w.org\/{rel}","templated":true}]}}